{"id":2544,"date":"2019-09-11T11:12:54","date_gmt":"2019-09-11T11:12:54","guid":{"rendered":"https:\/\/www.aquitainespecialites.fr\/?post_type=project&#038;p=2544"},"modified":"2024-03-26T10:58:06","modified_gmt":"2024-03-26T10:58:06","slug":"puree-de-caneles","status":"publish","type":"project","link":"https:\/\/www.aquitainespecialites.fr\/en\/project\/puree-de-caneles\/","title":{"rendered":"canel\u00e9s puree"},"content":{"rendered":"<p>[et_pb_section fb_built=\u00a0\u00bb1&Prime; _builder_version=\u00a0\u00bb4.16&Prime; global_colors_info=\u00a0\u00bb{}\u00a0\u00bb][et_pb_row _builder_version=\u00a0\u00bb4.16&Prime; global_colors_info=\u00a0\u00bb{}\u00a0\u00bb][et_pb_column type=\u00a0\u00bb4_4&Prime; _builder_version=\u00a0\u00bb4.16&Prime; global_colors_info=\u00a0\u00bb{}\u00a0\u00bb][et_pb_text disabled_on=\u00a0\u00bboff|off|off\u00a0\u00bb _builder_version=\u00a0\u00bb4.16&Prime; text_font=\u00a0\u00bbLora|||on|||||\u00a0\u00bb text_text_color=\u00a0\u00bb#7c4f13&Prime; text_font_size=\u00a0\u00bb32px\u00a0\u00bb header_font=\u00a0\u00bbLora||||||||\u00a0\u00bb header_text_color=\u00a0\u00bb#7c4f13&Prime; header_font_size=\u00a0\u00bb32px\u00a0\u00bb text_font_size_tablet=\u00a0\u00bb26px\u00a0\u00bb text_font_size_phone=\u00a0\u00bb22px\u00a0\u00bb text_font_size_last_edited=\u00a0\u00bbon|tablet\u00a0\u00bb global_colors_info=\u00a0\u00bb{}\u00a0\u00bb]<\/p>\n<h1 style=\"text-align: center;\">Canel\u00e9s puree<\/h1>\n<p>[\/et_pb_text][et_pb_image src=\u00a0\u00bbhttps:\/\/www.aquitainespecialites.fr\/wp-content\/uploads\/2023\/03\/Aquitaine-Specialites-16.18-juin-2021-45-scaled.jpg\u00a0\u00bb alt=\u00a0\u00bbpur\u00e9e de canel\u00e9s\u00a0\u00bb title_text=\u00a0\u00bbAquitaine Sp\u00e9cialit\u00e9s 16.18 juin 2021 (45)\u00a0\u00bb show_bottom_space=\u00a0\u00bboff\u00a0\u00bb _builder_version=\u00a0\u00bb4.19.3&Prime; z_index=\u00a0\u00bb1&Prime; global_colors_info=\u00a0\u00bb{}\u00a0\u00bb][\/et_pb_image][\/et_pb_column][\/et_pb_row][et_pb_row _builder_version=\u00a0\u00bb4.16&Prime; _module_preset=\u00a0\u00bbdefault\u00a0\u00bb global_colors_info=\u00a0\u00bb{}\u00a0\u00bb][et_pb_column type=\u00a0\u00bb4_4&Prime; _builder_version=\u00a0\u00bb4.16&Prime; _module_preset=\u00a0\u00bbdefault\u00a0\u00bb global_colors_info=\u00a0\u00bb{}\u00a0\u00bb][et_pb_image src=\u00a0\u00bbhttps:\/\/www.aquitainespecialites.fr\/wp-content\/uploads\/2021\/02\/seau-puree-de-caneles.png\u00a0\u00bb alt=\u00a0\u00bbseau pur\u00e9e de canel\u00e9s\u00a0\u00bb title_text=\u00a0\u00bbseau-puree-de-caneles\u00a0\u00bb align=\u00a0\u00bbcenter\u00a0\u00bb _builder_version=\u00a0\u00bb4.16&Prime; _module_preset=\u00a0\u00bbdefault\u00a0\u00bb width=\u00a0\u00bb28%\u00a0\u00bb global_colors_info=\u00a0\u00bb{}\u00a0\u00bb][\/et_pb_image][\/et_pb_column][\/et_pb_row][et_pb_row _builder_version=\u00a0\u00bb4.16&Prime; global_colors_info=\u00a0\u00bb{}\u00a0\u00bb][et_pb_column type=\u00a0\u00bb4_4&Prime; _builder_version=\u00a0\u00bb4.16&Prime; global_colors_info=\u00a0\u00bb{}\u00a0\u00bb][et_pb_text _builder_version=\u00a0\u00bb4.16&Prime; text_font=\u00a0\u00bbRoboto|||on|||||\u00a0\u00bb text_text_color=\u00a0\u00bb#7c4f13&Prime; text_font_size=\u00a0\u00bb30px\u00a0\u00bb text_font_size_tablet=\u00a0\u00bb20px\u00a0\u00bb text_font_size_phone=\u00a0\u00bb16px\u00a0\u00bb text_font_size_last_edited=\u00a0\u00bbon|phone\u00a0\u00bb global_colors_info=\u00a0\u00bb{}\u00a0\u00bb]<\/p>\n<p style=\"text-align: center;\">frozen<\/p>\n<p>[\/et_pb_text][et_pb_text _builder_version=\u00a0\u00bb4.16&Prime; text_font=\u00a0\u00bbRoboto||||||||\u00a0\u00bb text_line_height=\u00a0\u00bb1.2em\u00a0\u00bb global_colors_info=\u00a0\u00bb{}\u00a0\u00bb]<\/p>\n<p style=\"text-align: center;\"><strong>Shelf life : 1 year<\/strong><\/p>\n<p>[\/et_pb_text][et_pb_text _builder_version=\u00a0\u00bb4.22.1&Prime; text_font=\u00a0\u00bbRoboto|||on|||||\u00a0\u00bb text_text_color=\u00a0\u00bb#7c4f13&Prime; text_font_size=\u00a0\u00bb30px\u00a0\u00bb custom_margin=\u00a0\u00bb|||20px|false|false\u00a0\u00bb custom_margin_tablet=\u00a0\u00bb|||0px|false|false\u00a0\u00bb custom_margin_phone=\u00a0\u00bb\u00a0\u00bb custom_margin_last_edited=\u00a0\u00bbon|tablet\u00a0\u00bb text_font_size_tablet=\u00a0\u00bb20px\u00a0\u00bb text_font_size_phone=\u00a0\u00bb16px\u00a0\u00bb text_font_size_last_edited=\u00a0\u00bbon|phone\u00a0\u00bb text_orientation_tablet=\u00a0\u00bbcenter\u00a0\u00bb text_orientation_phone=\u00a0\u00bb\u00a0\u00bb text_orientation_last_edited=\u00a0\u00bbon|tablet\u00a0\u00bb global_colors_info=\u00a0\u00bb{}\u00a0\u00bb]<\/p>\n<p style=\"text-align: center;\"><img decoding=\"async\" loading=\"lazy\" src=\"https:\/\/www.aquitainespecialites.fr\/wp-content\/uploads\/2019\/09\/picto-conditionnement-mielFichier-18.png\" width=\"29\" height=\"31\" alt=\"picto conditionnement\" class=\"wp-image-145 alignnone size-full\" \/>\u00a0conditioning<\/p>\n<p>[\/et_pb_text][et_pb_text _builder_version=\u00a0\u00bb4.22.1&Prime; text_font=\u00a0\u00bbRoboto||||||||\u00a0\u00bb text_line_height=\u00a0\u00bb1.4em\u00a0\u00bb custom_padding=\u00a0\u00bb|20px||20px|false|false\u00a0\u00bb global_colors_info=\u00a0\u00bb{}\u00a0\u00bb]<\/p>\n<p style=\"text-align: center;\">Frozen bucket of <strong>5kg<\/strong>.<\/p>\n<p>[\/et_pb_text][et_pb_text disabled_on=\u00a0\u00bbon|on|on\u00a0\u00bb _builder_version=\u00a0\u00bb4.16&Prime; text_font=\u00a0\u00bbRoboto|||on|||||\u00a0\u00bb text_text_color=\u00a0\u00bb#7c4f13&Prime; text_font_size=\u00a0\u00bb30px\u00a0\u00bb custom_margin=\u00a0\u00bb|||20px|false|false\u00a0\u00bb custom_margin_tablet=\u00a0\u00bb|||0px|false|false\u00a0\u00bb custom_margin_phone=\u00a0\u00bb\u00a0\u00bb custom_margin_last_edited=\u00a0\u00bbon|tablet\u00a0\u00bb text_font_size_tablet=\u00a0\u00bb20px\u00a0\u00bb text_font_size_phone=\u00a0\u00bb16px\u00a0\u00bb text_font_size_last_edited=\u00a0\u00bbon|phone\u00a0\u00bb text_orientation_tablet=\u00a0\u00bbcenter\u00a0\u00bb text_orientation_phone=\u00a0\u00bb\u00a0\u00bb text_orientation_last_edited=\u00a0\u00bbon|tablet\u00a0\u00bb disabled=\u00a0\u00bbon\u00a0\u00bb global_colors_info=\u00a0\u00bb{}\u00a0\u00bb]<\/p>\n<p><img decoding=\"async\" loading=\"lazy\" src=\"https:\/\/www.aquitainespecialites.fr\/wp-content\/uploads\/2019\/09\/picto-utilisation-mielFichier-17.png\" width=\"30\" height=\"31\" alt=\"picto utilisation\" class=\"wp-image-147 alignnone size-full\" \/>\u00a0instructions of use<\/p>\n<p>[\/et_pb_text][et_pb_text disabled_on=\u00a0\u00bbon|on|on\u00a0\u00bb _builder_version=\u00a0\u00bb4.16&Prime; text_font=\u00a0\u00bbRoboto||||||||\u00a0\u00bb text_line_height=\u00a0\u00bb1.4em\u00a0\u00bb custom_padding=\u00a0\u00bb|20px||20px|false|false\u00a0\u00bb disabled=\u00a0\u00bbon\u00a0\u00bb global_colors_info=\u00a0\u00bb{}\u00a0\u00bb]<\/p>\n<p>-Mix before use to get a homogeneous texture.<\/p>\n<p>Mix well.<\/p>\n<p>[\/et_pb_text][et_pb_text _builder_version=\u00a0\u00bb4.22.1&Prime; text_font=\u00a0\u00bbRoboto|||on|||||\u00a0\u00bb text_text_color=\u00a0\u00bb#7c4f13&Prime; text_font_size=\u00a0\u00bb30px\u00a0\u00bb custom_margin=\u00a0\u00bb|||20px|false|false\u00a0\u00bb custom_margin_tablet=\u00a0\u00bb|||0px|false|false\u00a0\u00bb custom_margin_phone=\u00a0\u00bb\u00a0\u00bb custom_margin_last_edited=\u00a0\u00bbon|tablet\u00a0\u00bb text_font_size_tablet=\u00a0\u00bb20px\u00a0\u00bb text_font_size_phone=\u00a0\u00bb16px\u00a0\u00bb text_font_size_last_edited=\u00a0\u00bbon|phone\u00a0\u00bb text_orientation_tablet=\u00a0\u00bbcenter\u00a0\u00bb text_orientation_phone=\u00a0\u00bb\u00a0\u00bb text_orientation_last_edited=\u00a0\u00bbon|tablet\u00a0\u00bb global_colors_info=\u00a0\u00bb{}\u00a0\u00bb]<\/p>\n<p style=\"text-align: center;\"><img decoding=\"async\" loading=\"lazy\" src=\"https:\/\/www.aquitainespecialites.fr\/wp-content\/uploads\/2019\/09\/picto-conservation-mielFichier-16.png\" width=\"28\" height=\"32\" alt=\"picto conservation\" class=\"wp-image-146 alignnone size-full\" \/>\u00a0storage tips<\/p>\n<p>[\/et_pb_text][et_pb_text _builder_version=\u00a0\u00bb4.22.1&Prime; text_font=\u00a0\u00bbRoboto||||||||\u00a0\u00bb text_line_height=\u00a0\u00bb1.4em\u00a0\u00bb custom_padding=\u00a0\u00bb|20px||20px|false|false\u00a0\u00bb global_colors_info=\u00a0\u00bb{}\u00a0\u00bb]<\/p>\n<p style=\"text-align: center;\">Store at -18\u00b0C.<\/p>\n<p style=\"text-align: center;\">To find a smooth texture, mix and heat the product.<\/p>\n<p>[\/et_pb_text][\/et_pb_column][\/et_pb_row][\/et_pb_section][et_pb_section fb_built=\u00a0\u00bb1&Prime; disabled_on=\u00a0\u00bbon|on|on\u00a0\u00bb _builder_version=\u00a0\u00bb4.18.0&Prime; _module_preset=\u00a0\u00bbdefault\u00a0\u00bb disabled=\u00a0\u00bbon\u00a0\u00bb locked=\u00a0\u00bboff\u00a0\u00bb global_colors_info=\u00a0\u00bb{}\u00a0\u00bb][et_pb_row _builder_version=\u00a0\u00bb4.18.0&Prime; _module_preset=\u00a0\u00bbdefault\u00a0\u00bb global_colors_info=\u00a0\u00bb{}\u00a0\u00bb][et_pb_column type=\u00a0\u00bb4_4&Prime; _builder_version=\u00a0\u00bb4.18.0&Prime; _module_preset=\u00a0\u00bbdefault\u00a0\u00bb global_colors_info=\u00a0\u00bb{}\u00a0\u00bb][et_pb_text _builder_version=\u00a0\u00bb4.18.0&Prime; text_font=\u00a0\u00bbRoboto|||on|||||\u00a0\u00bb text_text_color=\u00a0\u00bb#7c4f13&Prime; text_font_size=\u00a0\u00bb30px\u00a0\u00bb custom_margin=\u00a0\u00bb|||20px|false|false\u00a0\u00bb custom_margin_tablet=\u00a0\u00bb|||0px|false|false\u00a0\u00bb custom_margin_phone=\u00a0\u00bb\u00a0\u00bb custom_margin_last_edited=\u00a0\u00bbon|tablet\u00a0\u00bb text_font_size_tablet=\u00a0\u00bb20px\u00a0\u00bb text_font_size_phone=\u00a0\u00bb16px\u00a0\u00bb text_font_size_last_edited=\u00a0\u00bbon|phone\u00a0\u00bb text_orientation_tablet=\u00a0\u00bbcenter\u00a0\u00bb text_orientation_phone=\u00a0\u00bb\u00a0\u00bb text_orientation_last_edited=\u00a0\u00bbon|tablet\u00a0\u00bb global_colors_info=\u00a0\u00bb{}\u00a0\u00bb]<\/p>\n<p>LIST OF ALLERGENS<\/p>\n<p>[\/et_pb_text][et_pb_text _builder_version=\u00a0\u00bb4.18.0&Prime; text_font=\u00a0\u00bbRoboto||||||||\u00a0\u00bb text_line_height=\u00a0\u00bb1.4em\u00a0\u00bb custom_padding=\u00a0\u00bb|20px||20px|false|false\u00a0\u00bb global_colors_info=\u00a0\u00bb{}\u00a0\u00bb]<\/p>\n<p>This product may contain traces of cereals containing gluten (wheat), milk, eggs, possible traces of mustard and soya.<\/p>\n<p>[\/et_pb_text][\/et_pb_column][\/et_pb_row][\/et_pb_section][et_pb_section fb_built=\u00a0\u00bb1&Prime; _builder_version=\u00a0\u00bb4.16&Prime; custom_padding=\u00a0\u00bb0px||0px||false|false\u00a0\u00bb global_colors_info=\u00a0\u00bb{}\u00a0\u00bb][et_pb_row column_structure=\u00a0\u00bb1_2,1_6,1_6,1_6&Prime; use_custom_gutter=\u00a0\u00bbon\u00a0\u00bb gutter_width=\u00a0\u00bb1&Prime; make_equal=\u00a0\u00bbon\u00a0\u00bb _builder_version=\u00a0\u00bb4.22.1&Prime; background_color=\u00a0\u00bb#afafaf\u00a0\u00bb width=\u00a0\u00bb100%\u00a0\u00bb max_width=\u00a0\u00bb100%\u00a0\u00bb custom_margin=\u00a0\u00bb||0px||false|false\u00a0\u00bb custom_padding=\u00a0\u00bb||0px||false|false\u00a0\u00bb global_colors_info=\u00a0\u00bb{}\u00a0\u00bb theme_builder_area=\u00a0\u00bbpost_content\u00a0\u00bb][et_pb_column type=\u00a0\u00bb1_2&Prime; _builder_version=\u00a0\u00bb4.22.1&Prime; global_colors_info=\u00a0\u00bb{}\u00a0\u00bb theme_builder_area=\u00a0\u00bbpost_content\u00a0\u00bb][et_pb_text _builder_version=\u00a0\u00bb4.19.3&Prime; text_font=\u00a0\u00bbLora|||on|||||\u00a0\u00bb text_text_color=\u00a0\u00bb#FFFFFF\u00a0\u00bb text_font_size=\u00a0\u00bb33px\u00a0\u00bb text_line_height=\u00a0\u00bb1em\u00a0\u00bb custom_margin=\u00a0\u00bb3%||||false|false\u00a0\u00bb custom_padding=\u00a0\u00bb|||10%|false|false\u00a0\u00bb text_font_size_tablet=\u00a0\u00bb32px\u00a0\u00bb text_font_size_phone=\u00a0\u00bb22px\u00a0\u00bb text_font_size_last_edited=\u00a0\u00bbon|phone\u00a0\u00bb global_colors_info=\u00a0\u00bb{}\u00a0\u00bb theme_builder_area=\u00a0\u00bbpost_content\u00a0\u00bb]<\/p>\n<p style=\"text-align: justify;\">aquitaine sp\u00e9cialit\u00e9s<\/p>\n<p>[\/et_pb_text][et_pb_text _builder_version=\u00a0\u00bb4.22.1&Prime; text_font=\u00a0\u00bbRoboto||||||||\u00a0\u00bb text_text_color=\u00a0\u00bb#ffffff\u00a0\u00bb text_font_size=\u00a0\u00bb17px\u00a0\u00bb text_line_height=\u00a0\u00bb1.6em\u00a0\u00bb text_orientation=\u00a0\u00bbjustified\u00a0\u00bb custom_margin=\u00a0\u00bb3%||0.1%||false|false\u00a0\u00bb custom_padding=\u00a0\u00bb|20%||10%|false|false\u00a0\u00bb custom_padding_tablet=\u00a0\u00bb\u00a0\u00bb custom_padding_phone=\u00a0\u00bb|10%||10%|false|false\u00a0\u00bb custom_padding_last_edited=\u00a0\u00bbon|phone\u00a0\u00bb text_font_size_tablet=\u00a0\u00bb14px\u00a0\u00bb text_font_size_phone=\u00a0\u00bb\u00a0\u00bb text_font_size_last_edited=\u00a0\u00bbon|tablet\u00a0\u00bb global_colors_info=\u00a0\u00bb{}\u00a0\u00bb theme_builder_area=\u00a0\u00bbpost_content\u00a0\u00bb]<\/p>\n<p>World leader in the manufacture of Canel\u00e9s de Bordeaux, a traditional local pastry. With quality at the heart of our values, innovative manufacturing processes have preserved the quality of our products, which contain no preservatives, additives, colorants or GMOs.<\/p>\n<p>[\/et_pb_text][\/et_pb_column][et_pb_column type=\u00a0\u00bb1_6&Prime; _builder_version=\u00a0\u00bb4.22.1&Prime; custom_padding=\u00a0\u00bb||0px||false|false\u00a0\u00bb global_colors_info=\u00a0\u00bb{}\u00a0\u00bb theme_builder_area=\u00a0\u00bbpost_content\u00a0\u00bb][et_pb_text _builder_version=\u00a0\u00bb4.22.1&Prime; text_font=\u00a0\u00bbRoboto||||||||\u00a0\u00bb text_text_color=\u00a0\u00bb#ffffff\u00a0\u00bb text_font_size=\u00a0\u00bb13px\u00a0\u00bb link_font=\u00a0\u00bbRoboto|||on|||||\u00a0\u00bb link_text_color=\u00a0\u00bb#ffffff\u00a0\u00bb link_font_size=\u00a0\u00bb13px\u00a0\u00bb link_line_height=\u00a0\u00bb2em\u00a0\u00bb custom_margin=\u00a0\u00bb10%||0px||false|false\u00a0\u00bb custom_padding=\u00a0\u00bb||0px||false|false\u00a0\u00bb text_text_color_tablet=\u00a0\u00bb\u00a0\u00bb text_text_color_phone=\u00a0\u00bb\u00a0\u00bb text_text_color_last_edited=\u00a0\u00bbon|desktop\u00a0\u00bb text_orientation_tablet=\u00a0\u00bbcenter\u00a0\u00bb text_orientation_phone=\u00a0\u00bb\u00a0\u00bb text_orientation_last_edited=\u00a0\u00bbon|tablet\u00a0\u00bb global_colors_info=\u00a0\u00bb{}\u00a0\u00bb text_text_color__hover_enabled=\u00a0\u00bbon|hover\u00a0\u00bb text_text_color__hover=\u00a0\u00bb#ffffff\u00a0\u00bb theme_builder_area=\u00a0\u00bbpost_content\u00a0\u00bb]<\/p>\n<p><a href=\"\/en\/\">Home<\/a><\/p>\n<p><a href=\"\/en\/qui-sommes-nous\/\">who are we<\/a><\/p>\n<p><a href=\"\/en\/histoire-du-canele\/\">history of the canel\u00e9<\/a><\/p>\n<p><a href=\"\/en\/engagement\/\">quality commitment<\/a><\/p>\n<p><a href=\"\/en\/nos-caneles\/\">our canel\u00e9s<\/a><\/p>\n<p>&nbsp;<\/p>\n<p>[\/et_pb_text][\/et_pb_column][et_pb_column type=\u00a0\u00bb1_6&Prime; _builder_version=\u00a0\u00bb4.22.1&Prime; custom_padding=\u00a0\u00bb||0px||false|false\u00a0\u00bb global_colors_info=\u00a0\u00bb{}\u00a0\u00bb theme_builder_area=\u00a0\u00bbpost_content\u00a0\u00bb][et_pb_text _builder_version=\u00a0\u00bb4.19.3&Prime; text_font=\u00a0\u00bbRoboto||||||||\u00a0\u00bb text_text_color=\u00a0\u00bb#ffffff\u00a0\u00bb text_font_size=\u00a0\u00bb13px\u00a0\u00bb link_font=\u00a0\u00bbRoboto|||on|||||\u00a0\u00bb link_text_color=\u00a0\u00bb#ffffff\u00a0\u00bb link_font_size=\u00a0\u00bb13px\u00a0\u00bb link_line_height=\u00a0\u00bb2em\u00a0\u00bb custom_margin=\u00a0\u00bb10%||||false|false\u00a0\u00bb text_text_color_tablet=\u00a0\u00bb\u00a0\u00bb text_text_color_phone=\u00a0\u00bb\u00a0\u00bb text_text_color_last_edited=\u00a0\u00bbon|desktop\u00a0\u00bb text_orientation_tablet=\u00a0\u00bbcenter\u00a0\u00bb text_orientation_phone=\u00a0\u00bb\u00a0\u00bb text_orientation_last_edited=\u00a0\u00bbon|tablet\u00a0\u00bb global_colors_info=\u00a0\u00bb{}\u00a0\u00bb text_text_color__hover_enabled=\u00a0\u00bbon|hover\u00a0\u00bb text_text_color__hover=\u00a0\u00bb#ffffff\u00a0\u00bb theme_builder_area=\u00a0\u00bbpost_content\u00a0\u00bb]<\/p>\n<p><a href=\"\/en\/distribution\/\">distribution<\/a><\/p>\n<p><a href=\"\/en\/contact\/\">contact<\/a><\/p>\n<p><a href=\"\/en\/changer-de-mot-de-passe\/\">change your password<\/a><\/p>\n<p><a href=\"\/en\/mentions-legales\/\">LEGAL INFORMATION\u00a0<\/a><\/p>\n<p>[\/et_pb_text][\/et_pb_column][et_pb_column type=\u00a0\u00bb1_6&Prime; _builder_version=\u00a0\u00bb4.22.1&Prime; custom_padding=\u00a0\u00bb||0px||false|false\u00a0\u00bb global_colors_info=\u00a0\u00bb{}\u00a0\u00bb theme_builder_area=\u00a0\u00bbpost_content\u00a0\u00bb][et_pb_text _builder_version=\u00a0\u00bb4.16&Prime; text_font=\u00a0\u00bbRoboto|||on|||||\u00a0\u00bb text_text_color=\u00a0\u00bb#ffffff\u00a0\u00bb text_font_size=\u00a0\u00bb16px\u00a0\u00bb custom_margin=\u00a0\u00bb10%||||false|false\u00a0\u00bb text_orientation_tablet=\u00a0\u00bbcenter\u00a0\u00bb text_orientation_phone=\u00a0\u00bb\u00a0\u00bb text_orientation_last_edited=\u00a0\u00bbon|tablet\u00a0\u00bb global_colors_info=\u00a0\u00bb{}\u00a0\u00bb theme_builder_area=\u00a0\u00bbpost_content\u00a0\u00bb]<\/p>\n<p>Contact us<\/p>\n<p>[\/et_pb_text][et_pb_text _builder_version=\u00a0\u00bb4.19.3&Prime; text_font=\u00a0\u00bbRoboto||||||||\u00a0\u00bb text_text_color=\u00a0\u00bb#FFFFFF\u00a0\u00bb text_font_size=\u00a0\u00bb16px\u00a0\u00bb custom_margin=\u00a0\u00bb9%||||false|false\u00a0\u00bb custom_margin_tablet=\u00a0\u00bb\u00a0\u00bb custom_margin_phone=\u00a0\u00bb4%||||false|false\u00a0\u00bb custom_margin_last_edited=\u00a0\u00bbon|phone\u00a0\u00bb text_orientation_tablet=\u00a0\u00bbcenter\u00a0\u00bb text_orientation_phone=\u00a0\u00bb\u00a0\u00bb text_orientation_last_edited=\u00a0\u00bbon|tablet\u00a0\u00bb global_colors_info=\u00a0\u00bb{}\u00a0\u00bb theme_builder_area=\u00a0\u00bbpost_content\u00a0\u00bb]<\/p>\n<p>05 56 74 71 30<\/p>\n<p>contact@aquitaine-specialites.fr<\/p>\n<p>[\/et_pb_text][\/et_pb_column][\/et_pb_row][et_pb_row column_structure=\u00a0\u00bb1_6,1_6,1_6,1_6,1_6,1_6&Prime; use_custom_gutter=\u00a0\u00bbon\u00a0\u00bb gutter_width=\u00a0\u00bb1&Prime; make_equal=\u00a0\u00bbon\u00a0\u00bb _builder_version=\u00a0\u00bb4.22.1&Prime; background_color=\u00a0\u00bb#afafaf\u00a0\u00bb width=\u00a0\u00bb100%\u00a0\u00bb max_width=\u00a0\u00bb100%\u00a0\u00bb custom_margin=\u00a0\u00bb|auto||auto|false|false\u00a0\u00bb custom_padding=\u00a0\u00bb0px||3%||false|false\u00a0\u00bb global_colors_info=\u00a0\u00bb{}\u00a0\u00bb theme_builder_area=\u00a0\u00bbpost_content\u00a0\u00bb][et_pb_column type=\u00a0\u00bb1_6&Prime; _builder_version=\u00a0\u00bb4.22.1&Prime; custom_padding=\u00a0\u00bb0px|0px|0px|0px|false|false\u00a0\u00bb global_colors_info=\u00a0\u00bb{}\u00a0\u00bb theme_builder_area=\u00a0\u00bbpost_content\u00a0\u00bb][et_pb_image src=\u00a0\u00bbhttps:\/\/www.aquitainespecialites.fr\/wp-content\/uploads\/2024\/03\/LOGO-Canele-de-Bordeaux-OR-site.png\u00a0\u00bb alt=\u00a0\u00bblogo canel\u00e9 de bordeaux\u00a0\u00bb title_text=\u00a0\u00bbLOGO-Canel\u00e9-de-Bordeaux-OR-site\u00a0\u00bb _builder_version=\u00a0\u00bb4.22.1&Prime; width=\u00a0\u00bb100%\u00a0\u00bb width_tablet=\u00a0\u00bb46%\u00a0\u00bb width_phone=\u00a0\u00bb\u00a0\u00bb width_last_edited=\u00a0\u00bbon|tablet\u00a0\u00bb max_width=\u00a0\u00bb100%\u00a0\u00bb custom_margin=\u00a0\u00bb5%||10%||false|false\u00a0\u00bb custom_margin_tablet=\u00a0\u00bb\u00a0\u00bb custom_margin_phone=\u00a0\u00bb\u00a0\u00bb custom_margin_last_edited=\u00a0\u00bbon|tablet\u00a0\u00bb custom_padding=\u00a0\u00bb||0px|30%|false|false\u00a0\u00bb custom_padding_tablet=\u00a0\u00bb|||0%|false|false\u00a0\u00bb custom_padding_phone=\u00a0\u00bb\u00a0\u00bb custom_padding_last_edited=\u00a0\u00bbon|tablet\u00a0\u00bb module_alignment_tablet=\u00a0\u00bbcenter\u00a0\u00bb module_alignment_phone=\u00a0\u00bb\u00a0\u00bb module_alignment_last_edited=\u00a0\u00bbon|tablet\u00a0\u00bb global_colors_info=\u00a0\u00bb{}\u00a0\u00bb theme_builder_area=\u00a0\u00bbpost_content\u00a0\u00bb][\/et_pb_image][\/et_pb_column][et_pb_column type=\u00a0\u00bb1_6&Prime; _builder_version=\u00a0\u00bb4.16&Prime; global_colors_info=\u00a0\u00bb{}\u00a0\u00bb theme_builder_area=\u00a0\u00bbpost_content\u00a0\u00bb][et_pb_image src=\u00a0\u00bbhttps:\/\/www.aquitainespecialites.fr\/wp-content\/uploads\/2024\/03\/Aquitaine-specialite-logo-site.png\u00a0\u00bb title_text=\u00a0\u00bbAquitaine sp\u00e9cialit\u00e9 logo site\u00a0\u00bb url=\u00a0\u00bbhttps:\/\/www.aquitainespecialites.fr\/\u00a0\u00bb _builder_version=\u00a0\u00bb4.22.1&Prime; width=\u00a0\u00bb100%\u00a0\u00bb width_tablet=\u00a0\u00bb46%\u00a0\u00bb width_phone=\u00a0\u00bb\u00a0\u00bb width_last_edited=\u00a0\u00bbon|tablet\u00a0\u00bb max_width=\u00a0\u00bb55%\u00a0\u00bb custom_margin=\u00a0\u00bb0%||5%||false|false\u00a0\u00bb custom_margin_tablet=\u00a0\u00bb\u00a0\u00bb custom_margin_phone=\u00a0\u00bb\u00a0\u00bb custom_margin_last_edited=\u00a0\u00bbon|tablet\u00a0\u00bb custom_padding=\u00a0\u00bb|||0%|false|false\u00a0\u00bb custom_padding_tablet=\u00a0\u00bb|||0%|false|false\u00a0\u00bb custom_padding_phone=\u00a0\u00bb\u00a0\u00bb custom_padding_last_edited=\u00a0\u00bbon|desktop\u00a0\u00bb module_alignment_tablet=\u00a0\u00bbcenter\u00a0\u00bb module_alignment_phone=\u00a0\u00bb\u00a0\u00bb module_alignment_last_edited=\u00a0\u00bbon|tablet\u00a0\u00bb global_colors_info=\u00a0\u00bb{}\u00a0\u00bb theme_builder_area=\u00a0\u00bbpost_content\u00a0\u00bb][\/et_pb_image][\/et_pb_column][et_pb_column type=\u00a0\u00bb1_6&Prime; _builder_version=\u00a0\u00bb4.16&Prime; global_colors_info=\u00a0\u00bb{}\u00a0\u00bb theme_builder_area=\u00a0\u00bbpost_content\u00a0\u00bb][\/et_pb_column][et_pb_column type=\u00a0\u00bb1_6&Prime; _builder_version=\u00a0\u00bb4.16&Prime; global_colors_info=\u00a0\u00bb{}\u00a0\u00bb theme_builder_area=\u00a0\u00bbpost_content\u00a0\u00bb][\/et_pb_column][et_pb_column type=\u00a0\u00bb1_6&Prime; _builder_version=\u00a0\u00bb4.16&Prime; global_colors_info=\u00a0\u00bb{}\u00a0\u00bb theme_builder_area=\u00a0\u00bbpost_content\u00a0\u00bb][\/et_pb_column][et_pb_column type=\u00a0\u00bb1_6&Prime; _builder_version=\u00a0\u00bb4.16&Prime; global_colors_info=\u00a0\u00bb{}\u00a0\u00bb theme_builder_area=\u00a0\u00bbpost_content\u00a0\u00bb][\/et_pb_column][\/et_pb_row][\/et_pb_section]<\/p>","protected":false},"excerpt":{"rendered":"<p>pur\u00e9e de canel\u00e9scongel\u00e9DLUO 1 an \u00e0 fabrication\u00a0conditionnementSeau congel\u00e9 de 5kg.\u00a0conseils d&rsquo;utilisationM\u00e9langer avant utilisation pour obtenir un produit homog\u00e8ne. Bien m\u00e9langer.\u00a0conseils de conservationA conserver \u00e0 -18\u00b0C. Pour retrouver une texture onctueuse m\u00e9langer et r\u00e9chauffer le produit.Liste des allerg\u00e8nesCe produit peut comporter des traces de c\u00e9r\u00e9ales contenant du gluten (bl\u00e9) lait, oeufs, traces possibles de moutarde et [&hellip;]<\/p>","protected":false},"author":1,"featured_media":2661,"template":"","meta":{"_et_pb_use_builder":"on","_et_pb_old_content":"","_et_gb_content_width":"","inline_featured_image":false,"_exactmetrics_skip_tracking":false,"_exactmetrics_sitenote_active":false,"_exactmetrics_sitenote_note":"","_exactmetrics_sitenote_category":0},"project_category":[7],"project_tag":[],"yoast_head":"<!-- This site is optimized with the Yoast SEO plugin v21.3 - https:\/\/yoast.com\/wordpress\/plugins\/seo\/ -->\n<title>Pur\u00e9e de Canel\u00e9s - AQUITAINE SPECIALITES<\/title>\n<meta name=\"robots\" content=\"index, follow, max-snippet:-1, max-image-preview:large, max-video-preview:-1\" \/>\n<link rel=\"canonical\" href=\"https:\/\/www.aquitainespecialites.fr\/en\/project\/puree-de-caneles\/\" \/>\n<meta property=\"og:locale\" content=\"en_GB\" \/>\n<meta property=\"og:type\" content=\"article\" \/>\n<meta property=\"og:title\" content=\"Pur\u00e9e de Canel\u00e9s - AQUITAINE SPECIALITES\" \/>\n<meta property=\"og:description\" content=\"pur\u00e9e de canel\u00e9scongel\u00e9DLUO 1 an \u00e0 fabrication\u00a0conditionnementSeau congel\u00e9 de 5kg.\u00a0conseils d&#039;utilisationM\u00e9langer avant utilisation pour obtenir un produit homog\u00e8ne. Bien m\u00e9langer.\u00a0conseils de conservationA conserver \u00e0 -18\u00b0C. Pour retrouver une texture onctueuse m\u00e9langer et r\u00e9chauffer le produit.Liste des allerg\u00e8nesCe produit peut comporter des traces de c\u00e9r\u00e9ales contenant du gluten (bl\u00e9) lait, oeufs, traces possibles de moutarde et [&hellip;]\" \/>\n<meta property=\"og:url\" content=\"https:\/\/www.aquitainespecialites.fr\/en\/project\/puree-de-caneles\/\" \/>\n<meta property=\"og:site_name\" content=\"AQUITAINE SPECIALITES\" \/>\n<meta property=\"article:modified_time\" content=\"2024-03-26T10:58:06+00:00\" \/>\n<meta property=\"og:image\" content=\"https:\/\/www.aquitainespecialites.fr\/wp-content\/uploads\/2019\/09\/puree-catalogue.jpg\" \/>\n\t<meta property=\"og:image:width\" content=\"590\" \/>\n\t<meta property=\"og:image:height\" content=\"590\" \/>\n\t<meta property=\"og:image:type\" content=\"image\/jpeg\" \/>\n<meta name=\"twitter:card\" content=\"summary_large_image\" \/>\n<meta name=\"twitter:label1\" content=\"Estimated reading time\" \/>\n\t<meta name=\"twitter:data1\" content=\"3 minutes\" \/>\n<script type=\"application\/ld+json\" class=\"yoast-schema-graph\">{\"@context\":\"https:\/\/schema.org\",\"@graph\":[{\"@type\":\"WebPage\",\"@id\":\"https:\/\/www.aquitainespecialites.fr\/project\/puree-de-caneles\/\",\"url\":\"https:\/\/www.aquitainespecialites.fr\/project\/puree-de-caneles\/\",\"name\":\"Pur\u00e9e de Canel\u00e9s - AQUITAINE SPECIALITES\",\"isPartOf\":{\"@id\":\"https:\/\/www.aquitainespecialites.fr\/#website\"},\"datePublished\":\"2019-09-11T11:12:54+00:00\",\"dateModified\":\"2024-03-26T10:58:06+00:00\",\"breadcrumb\":{\"@id\":\"https:\/\/www.aquitainespecialites.fr\/project\/puree-de-caneles\/#breadcrumb\"},\"inLanguage\":\"en-GB\",\"potentialAction\":[{\"@type\":\"ReadAction\",\"target\":[\"https:\/\/www.aquitainespecialites.fr\/project\/puree-de-caneles\/\"]}]},{\"@type\":\"BreadcrumbList\",\"@id\":\"https:\/\/www.aquitainespecialites.fr\/project\/puree-de-caneles\/#breadcrumb\",\"itemListElement\":[{\"@type\":\"ListItem\",\"position\":1,\"name\":\"Accueil\",\"item\":\"https:\/\/www.aquitainespecialites.fr\/\"},{\"@type\":\"ListItem\",\"position\":2,\"name\":\"Projets\",\"item\":\"https:\/\/www.aquitainespecialites.fr\/project\/\"},{\"@type\":\"ListItem\",\"position\":3,\"name\":\"Pur\u00e9e de Canel\u00e9s\"}]},{\"@type\":\"WebSite\",\"@id\":\"https:\/\/www.aquitainespecialites.fr\/#website\",\"url\":\"https:\/\/www.aquitainespecialites.fr\/\",\"name\":\"AQUITAINE SPECIALITES\",\"description\":\"\",\"publisher\":{\"@id\":\"https:\/\/www.aquitainespecialites.fr\/#organization\"},\"potentialAction\":[{\"@type\":\"SearchAction\",\"target\":{\"@type\":\"EntryPoint\",\"urlTemplate\":\"https:\/\/www.aquitainespecialites.fr\/?s={search_term_string}\"},\"query-input\":\"required name=search_term_string\"}],\"inLanguage\":\"en-GB\"},{\"@type\":\"Organization\",\"@id\":\"https:\/\/www.aquitainespecialites.fr\/#organization\",\"name\":\"Aquitaine Sp\u00e9cialit\u00e9s\",\"url\":\"https:\/\/www.aquitainespecialites.fr\/\",\"logo\":{\"@type\":\"ImageObject\",\"inLanguage\":\"en-GB\",\"@id\":\"https:\/\/www.aquitainespecialites.fr\/#\/schema\/logo\/image\/\",\"url\":\"https:\/\/www.aquitainespecialites.fr\/wp-content\/uploads\/2019\/10\/AS-logoFichier-24-1.png\",\"contentUrl\":\"https:\/\/www.aquitainespecialites.fr\/wp-content\/uploads\/2019\/10\/AS-logoFichier-24-1.png\",\"width\":359,\"height\":233,\"caption\":\"Aquitaine Sp\u00e9cialit\u00e9s\"},\"image\":{\"@id\":\"https:\/\/www.aquitainespecialites.fr\/#\/schema\/logo\/image\/\"}}]}<\/script>\n<!-- \/ Yoast SEO plugin. -->","yoast_head_json":{"title":"Pur\u00e9e de Canel\u00e9s - AQUITAINE SPECIALITES","robots":{"index":"index","follow":"follow","max-snippet":"max-snippet:-1","max-image-preview":"max-image-preview:large","max-video-preview":"max-video-preview:-1"},"canonical":"https:\/\/www.aquitainespecialites.fr\/en\/project\/puree-de-caneles\/","og_locale":"en_GB","og_type":"article","og_title":"Pur\u00e9e de Canel\u00e9s - AQUITAINE SPECIALITES","og_description":"pur\u00e9e de canel\u00e9scongel\u00e9DLUO 1 an \u00e0 fabrication\u00a0conditionnementSeau congel\u00e9 de 5kg.\u00a0conseils d'utilisationM\u00e9langer avant utilisation pour obtenir un produit homog\u00e8ne. Bien m\u00e9langer.\u00a0conseils de conservationA conserver \u00e0 -18\u00b0C. Pour retrouver une texture onctueuse m\u00e9langer et r\u00e9chauffer le produit.Liste des allerg\u00e8nesCe produit peut comporter des traces de c\u00e9r\u00e9ales contenant du gluten (bl\u00e9) lait, oeufs, traces possibles de moutarde et [&hellip;]","og_url":"https:\/\/www.aquitainespecialites.fr\/en\/project\/puree-de-caneles\/","og_site_name":"AQUITAINE SPECIALITES","article_modified_time":"2024-03-26T10:58:06+00:00","og_image":[{"width":590,"height":590,"url":"https:\/\/www.aquitainespecialites.fr\/wp-content\/uploads\/2019\/09\/puree-catalogue.jpg","type":"image\/jpeg"}],"twitter_card":"summary_large_image","twitter_misc":{"Estimated reading time":"3 minutes"},"schema":{"@context":"https:\/\/schema.org","@graph":[{"@type":"WebPage","@id":"https:\/\/www.aquitainespecialites.fr\/project\/puree-de-caneles\/","url":"https:\/\/www.aquitainespecialites.fr\/project\/puree-de-caneles\/","name":"Pur\u00e9e de Canel\u00e9s - AQUITAINE SPECIALITES","isPartOf":{"@id":"https:\/\/www.aquitainespecialites.fr\/#website"},"datePublished":"2019-09-11T11:12:54+00:00","dateModified":"2024-03-26T10:58:06+00:00","breadcrumb":{"@id":"https:\/\/www.aquitainespecialites.fr\/project\/puree-de-caneles\/#breadcrumb"},"inLanguage":"en-GB","potentialAction":[{"@type":"ReadAction","target":["https:\/\/www.aquitainespecialites.fr\/project\/puree-de-caneles\/"]}]},{"@type":"BreadcrumbList","@id":"https:\/\/www.aquitainespecialites.fr\/project\/puree-de-caneles\/#breadcrumb","itemListElement":[{"@type":"ListItem","position":1,"name":"Accueil","item":"https:\/\/www.aquitainespecialites.fr\/"},{"@type":"ListItem","position":2,"name":"Projets","item":"https:\/\/www.aquitainespecialites.fr\/project\/"},{"@type":"ListItem","position":3,"name":"Pur\u00e9e de Canel\u00e9s"}]},{"@type":"WebSite","@id":"https:\/\/www.aquitainespecialites.fr\/#website","url":"https:\/\/www.aquitainespecialites.fr\/","name":"AQUITAINE SPECIALITES","description":"","publisher":{"@id":"https:\/\/www.aquitainespecialites.fr\/#organization"},"potentialAction":[{"@type":"SearchAction","target":{"@type":"EntryPoint","urlTemplate":"https:\/\/www.aquitainespecialites.fr\/?s={search_term_string}"},"query-input":"required name=search_term_string"}],"inLanguage":"en-GB"},{"@type":"Organization","@id":"https:\/\/www.aquitainespecialites.fr\/#organization","name":"Aquitaine Sp\u00e9cialit\u00e9s","url":"https:\/\/www.aquitainespecialites.fr\/","logo":{"@type":"ImageObject","inLanguage":"en-GB","@id":"https:\/\/www.aquitainespecialites.fr\/#\/schema\/logo\/image\/","url":"https:\/\/www.aquitainespecialites.fr\/wp-content\/uploads\/2019\/10\/AS-logoFichier-24-1.png","contentUrl":"https:\/\/www.aquitainespecialites.fr\/wp-content\/uploads\/2019\/10\/AS-logoFichier-24-1.png","width":359,"height":233,"caption":"Aquitaine Sp\u00e9cialit\u00e9s"},"image":{"@id":"https:\/\/www.aquitainespecialites.fr\/#\/schema\/logo\/image\/"}}]}},"_links":{"self":[{"href":"https:\/\/www.aquitainespecialites.fr\/en\/wp-json\/wp\/v2\/project\/2544"}],"collection":[{"href":"https:\/\/www.aquitainespecialites.fr\/en\/wp-json\/wp\/v2\/project"}],"about":[{"href":"https:\/\/www.aquitainespecialites.fr\/en\/wp-json\/wp\/v2\/types\/project"}],"author":[{"embeddable":true,"href":"https:\/\/www.aquitainespecialites.fr\/en\/wp-json\/wp\/v2\/users\/1"}],"version-history":[{"count":2,"href":"https:\/\/www.aquitainespecialites.fr\/en\/wp-json\/wp\/v2\/project\/2544\/revisions"}],"predecessor-version":[{"id":3850,"href":"https:\/\/www.aquitainespecialites.fr\/en\/wp-json\/wp\/v2\/project\/2544\/revisions\/3850"}],"wp:featuredmedia":[{"embeddable":true,"href":"https:\/\/www.aquitainespecialites.fr\/en\/wp-json\/wp\/v2\/media\/2661"}],"wp:attachment":[{"href":"https:\/\/www.aquitainespecialites.fr\/en\/wp-json\/wp\/v2\/media?parent=2544"}],"wp:term":[{"taxonomy":"project_category","embeddable":true,"href":"https:\/\/www.aquitainespecialites.fr\/en\/wp-json\/wp\/v2\/project_category?post=2544"},{"taxonomy":"project_tag","embeddable":true,"href":"https:\/\/www.aquitainespecialites.fr\/en\/wp-json\/wp\/v2\/project_tag?post=2544"}],"curies":[{"name":"wp","href":"https:\/\/api.w.org\/{rel}","templated":true}]}}