{"id":2254,"date":"2019-09-22T10:15:35","date_gmt":"2019-09-22T10:15:35","guid":{"rendered":"https:\/\/www.aquitainespecialites.fr\/?post_type=project&#038;p=2254"},"modified":"2024-03-26T10:51:48","modified_gmt":"2024-03-26T10:51:48","slug":"canele-framboise","status":"publish","type":"project","link":"https:\/\/www.aquitainespecialites.fr\/en\/project\/canele-framboise\/","title":{"rendered":"raspberry canel\u00e9"},"content":{"rendered":"<p>[et_pb_section fb_built=\u00a0\u00bb1&Prime; _builder_version=\u00a0\u00bb4.16&Prime; global_colors_info=\u00a0\u00bb{}\u00a0\u00bb][et_pb_row _builder_version=\u00a0\u00bb4.16&Prime; global_colors_info=\u00a0\u00bb{}\u00a0\u00bb][et_pb_column type=\u00a0\u00bb4_4&Prime; _builder_version=\u00a0\u00bb4.16&Prime; global_colors_info=\u00a0\u00bb{}\u00a0\u00bb][et_pb_text disabled_on=\u00a0\u00bboff|off|off\u00a0\u00bb _builder_version=\u00a0\u00bb4.17.6&Prime; text_font=\u00a0\u00bbLora|||on|||||\u00a0\u00bb text_text_color=\u00a0\u00bb#c53338&Prime; text_font_size=\u00a0\u00bb32px\u00a0\u00bb text_font_size_tablet=\u00a0\u00bb26px\u00a0\u00bb text_font_size_phone=\u00a0\u00bb22px\u00a0\u00bb text_font_size_last_edited=\u00a0\u00bbon|phone\u00a0\u00bb global_colors_info=\u00a0\u00bb{}\u00a0\u00bb]<\/p>\n<h1 style=\"text-align: center;\">raspberry canel\u00e9<\/h1>\n<p>[\/et_pb_text][et_pb_text _builder_version=\u00a0\u00bb4.16&Prime; text_font=\u00a0\u00bbRoboto|300||on|||||\u00a0\u00bb text_text_color=\u00a0\u00bb#ffffff\u00a0\u00bb text_font_size=\u00a0\u00bb9px\u00a0\u00bb text_line_height=\u00a0\u00bb0em\u00a0\u00bb background_color=\u00a0\u00bb#c53338&Prime; transform_scale=\u00a0\u00bb153%|153%\u00a0\u00bb transform_rotate=\u00a0\u00bb0deg|0deg|-20deg\u00a0\u00bb z_index=\u00a0\u00bb2&Prime; text_orientation=\u00a0\u00bbcenter\u00a0\u00bb width=\u00a0\u00bb110px\u00a0\u00bb width_tablet=\u00a0\u00bb90px\u00a0\u00bb width_phone=\u00a0\u00bb60px\u00a0\u00bb width_last_edited=\u00a0\u00bbon|phone\u00a0\u00bb max_width=\u00a0\u00bb110px\u00a0\u00bb max_width_tablet=\u00a0\u00bb90px\u00a0\u00bb max_width_phone=\u00a0\u00bb60px\u00a0\u00bb max_width_last_edited=\u00a0\u00bbon|tablet\u00a0\u00bb min_height=\u00a0\u00bb110px\u00a0\u00bb min_height_tablet=\u00a0\u00bb90px\u00a0\u00bb min_height_phone=\u00a0\u00bb60px\u00a0\u00bb min_height_last_edited=\u00a0\u00bbon|phone\u00a0\u00bb custom_margin=\u00a0\u00bb10%||-16%|20%|false|false\u00a0\u00bb custom_margin_tablet=\u00a0\u00bb6%||-19%|14%|false|false\u00a0\u00bb custom_margin_phone=\u00a0\u00bb||-25%||false|false\u00a0\u00bb custom_margin_last_edited=\u00a0\u00bbon|phone\u00a0\u00bb custom_padding=\u00a0\u00bb25px|0px|0px|0px|false|true\u00a0\u00bb custom_padding_tablet=\u00a0\u00bb\u00a0\u00bb custom_padding_phone=\u00a0\u00bb15px||||false|false\u00a0\u00bb custom_padding_last_edited=\u00a0\u00bbon|phone\u00a0\u00bb text_font_size_tablet=\u00a0\u00bb14px\u00a0\u00bb text_font_size_phone=\u00a0\u00bb10px\u00a0\u00bb text_font_size_last_edited=\u00a0\u00bbon|tablet\u00a0\u00bb border_radii=\u00a0\u00bbon|1000px|1000px|1000px|1000px\u00a0\u00bb global_colors_info=\u00a0\u00bb{}\u00a0\u00bb]<\/p>\n<p><b>without<\/b><\/p>\n<p><b>alcohol<\/b><\/p>\n<p><b>&#8211;<\/b><\/p>\n<p><b>NATURAL<\/b><\/p>\n<p><b>aroma<\/b><\/p>\n<p><b>&#8211;<\/b><\/p>\n<p><b>FREE-RANGE<\/b><\/p>\n<p><b>eggs<\/b><\/p>\n<p>[\/et_pb_text][et_pb_image src=\u00a0\u00bbhttps:\/\/www.aquitainespecialites.fr\/wp-content\/uploads\/2020\/06\/Framboise.jpg\u00a0\u00bb alt=\u00a0\u00bbCanel\u00e9 framboise\u00a0\u00bb title_text=\u00a0\u00bbCanel\u00e9 Framboise\u00a0\u00bb show_bottom_space=\u00a0\u00bboff\u00a0\u00bb align=\u00a0\u00bbcenter\u00a0\u00bb _builder_version=\u00a0\u00bb4.16&Prime; global_colors_info=\u00a0\u00bb{}\u00a0\u00bb][\/et_pb_image][et_pb_text _builder_version=\u00a0\u00bb4.16&Prime; text_font=\u00a0\u00bbRoboto||||||||\u00a0\u00bb text_text_color=\u00a0\u00bb#ffffff\u00a0\u00bb background_color=\u00a0\u00bb#c53338&Prime; custom_margin=\u00a0\u00bb||0px||false|false\u00a0\u00bb custom_padding=\u00a0\u00bb10px||||false|false\u00a0\u00bb global_colors_info=\u00a0\u00bb{}\u00a0\u00bb]<\/p>\n<p style=\"text-align: center;\">Available in three sizes<\/p>\n<p>[\/et_pb_text][et_pb_image src=\u00a0\u00bbhttps:\/\/www.aquitainespecialites.fr\/wp-content\/uploads\/2019\/09\/picto-canel\u00e9-bouch\u00e9eFichier-5.png\u00a0\u00bb align=\u00a0\u00bbcenter\u00a0\u00bb _builder_version=\u00a0\u00bb4.16&Prime; background_color=\u00a0\u00bb#c53338&Prime; custom_margin=\u00a0\u00bb0px||||false|false\u00a0\u00bb custom_padding=\u00a0\u00bb10px||20px||false|false\u00a0\u00bb global_colors_info=\u00a0\u00bb{}\u00a0\u00bb][\/et_pb_image][\/et_pb_column][\/et_pb_row][et_pb_row column_structure=\u00a0\u00bb1_2,1_2&Prime; use_custom_gutter=\u00a0\u00bbon\u00a0\u00bb gutter_width=\u00a0\u00bb1&Prime; make_equal=\u00a0\u00bbon\u00a0\u00bb disabled_on=\u00a0\u00bbon|off|off\u00a0\u00bb _builder_version=\u00a0\u00bb4.16&Prime; max_width=\u00a0\u00bb80%\u00a0\u00bb custom_margin=\u00a0\u00bb||||false|false\u00a0\u00bb global_colors_info=\u00a0\u00bb{}\u00a0\u00bb][et_pb_column type=\u00a0\u00bb1_2&Prime; _builder_version=\u00a0\u00bb4.16&Prime; custom_css_main_element=\u00a0\u00bbmargin: auto;\u00a0\u00bb global_colors_info=\u00a0\u00bb{}\u00a0\u00bb][et_pb_image src=\u00a0\u00bbhttps:\/\/www.aquitainespecialites.fr\/wp-content\/uploads\/2019\/11\/Vanille-Blister.png\u00a0\u00bb align=\u00a0\u00bbcenter\u00a0\u00bb _builder_version=\u00a0\u00bb4.16&Prime; width=\u00a0\u00bb12%\u00a0\u00bb global_colors_info=\u00a0\u00bb{}\u00a0\u00bb][\/et_pb_image][\/et_pb_column][et_pb_column type=\u00a0\u00bb1_2&Prime; _builder_version=\u00a0\u00bb4.16&Prime; custom_css_main_element=\u00a0\u00bbmargin: auto;\u00a0\u00bb global_colors_info=\u00a0\u00bb{}\u00a0\u00bb][et_pb_image src=\u00a0\u00bbhttps:\/\/www.aquitainespecialites.fr\/wp-content\/uploads\/2019\/09\/carton-vrac-surgel\u00e9-traditionnelFichier-11.png\u00a0\u00bb align=\u00a0\u00bbcenter\u00a0\u00bb _builder_version=\u00a0\u00bb4.16&Prime; global_colors_info=\u00a0\u00bb{}\u00a0\u00bb][\/et_pb_image][\/et_pb_column][\/et_pb_row][et_pb_row _builder_version=\u00a0\u00bb4.16&Prime; global_colors_info=\u00a0\u00bb{}\u00a0\u00bb][et_pb_column type=\u00a0\u00bb4_4&Prime; _builder_version=\u00a0\u00bb4.16&Prime; global_colors_info=\u00a0\u00bb{}\u00a0\u00bb][et_pb_image src=\u00a0\u00bbhttps:\/\/www.aquitainespecialites.fr\/wp-content\/uploads\/2019\/11\/Canel\u00e9-clean-labelFichier-29-100.jpg\u00a0\u00bb align=\u00a0\u00bbcenter\u00a0\u00bb disabled_on=\u00a0\u00bboff|on|on\u00a0\u00bb _builder_version=\u00a0\u00bb4.16&Prime; global_colors_info=\u00a0\u00bb{}\u00a0\u00bb][\/et_pb_image][\/et_pb_column][\/et_pb_row][et_pb_row column_structure=\u00a0\u00bb1_2,1_2&Prime; _builder_version=\u00a0\u00bb4.16&Prime; global_colors_info=\u00a0\u00bb{}\u00a0\u00bb][et_pb_column type=\u00a0\u00bb1_2&Prime; _builder_version=\u00a0\u00bb4.16&Prime; global_colors_info=\u00a0\u00bb{}\u00a0\u00bb][et_pb_text _builder_version=\u00a0\u00bb4.16&Prime; text_font=\u00a0\u00bbRoboto|||on|||||\u00a0\u00bb text_text_color=\u00a0\u00bb#fadf10&Prime; text_font_size=\u00a0\u00bb30px\u00a0\u00bb header_text_color=\u00a0\u00bb#fadf14&Prime; text_font_size_tablet=\u00a0\u00bb20px\u00a0\u00bb text_font_size_phone=\u00a0\u00bb16px\u00a0\u00bb text_font_size_last_edited=\u00a0\u00bbon|phone\u00a0\u00bb global_colors_info=\u00a0\u00bb{}\u00a0\u00bb]<\/p>\n<p style=\"text-align: center;\"><span style=\"color: #c53338;\">Ambient<\/span><\/p>\n<p>[\/et_pb_text][et_pb_text _builder_version=\u00a0\u00bb4.16&Prime; text_font=\u00a0\u00bbRoboto||||||||\u00a0\u00bb text_line_height=\u00a0\u00bb1.2em\u00a0\u00bb global_colors_info=\u00a0\u00bb{}\u00a0\u00bb]<\/p>\n<p style=\"text-align: center;\"><strong>Shelf life 50 days to manufacture (20 days for Blister)<\/strong><\/p>\n<p>[\/et_pb_text][et_pb_text _builder_version=\u00a0\u00bb4.16&Prime; text_font=\u00a0\u00bbRoboto|||on|||||\u00a0\u00bb text_text_color=\u00a0\u00bb#fadf10&Prime; text_font_size=\u00a0\u00bb30px\u00a0\u00bb custom_margin=\u00a0\u00bb|||20px|false|false\u00a0\u00bb custom_margin_tablet=\u00a0\u00bb|||0px|false|false\u00a0\u00bb custom_margin_phone=\u00a0\u00bb\u00a0\u00bb custom_margin_last_edited=\u00a0\u00bbon|tablet\u00a0\u00bb text_font_size_tablet=\u00a0\u00bb20px\u00a0\u00bb text_font_size_phone=\u00a0\u00bb16px\u00a0\u00bb text_font_size_last_edited=\u00a0\u00bbon|phone\u00a0\u00bb text_orientation_tablet=\u00a0\u00bbcenter\u00a0\u00bb text_orientation_phone=\u00a0\u00bb\u00a0\u00bb text_orientation_last_edited=\u00a0\u00bbon|tablet\u00a0\u00bb global_colors_info=\u00a0\u00bb{}\u00a0\u00bb]<\/p>\n<p><img decoding=\"async\" loading=\"lazy\" src=\"https:\/\/www.aquitainespecialites.fr\/wp-content\/uploads\/2019\/09\/picto-conditionnement-chocolatFichier-32.png\" width=\"29\" height=\"31\" alt=\"picto conditionnement chocolat\" class=\"wp-image-185 alignnone size-full\" \/>\u00a0<span style=\"color: #c53338;\">conditioning<\/span><\/p>\n<p>[\/et_pb_text][et_pb_text _builder_version=\u00a0\u00bb4.16&Prime; text_font=\u00a0\u00bbRoboto||||||||\u00a0\u00bb text_line_height=\u00a0\u00bb1.4em\u00a0\u00bb custom_padding=\u00a0\u00bb|20px||20px|false|false\u00a0\u00bb global_colors_info=\u00a0\u00bb{}\u00a0\u00bb]<\/p>\n<p>In airtight PET boxes under modified atmosphere.<\/p>\n<p>PET box of <strong>6 Gros<\/strong> &#8211; <strong>8 Lunch<\/strong> &#8211; <strong>12 Bouch\u00e9e<\/strong>.<\/p>\n<p>Gift box of <strong>8 Lunch<\/strong>.<\/p>\n<p style=\"text-align: left;\">Blister packs.<\/p>\n<p>[\/et_pb_text][et_pb_text _builder_version=\u00a0\u00bb4.16&Prime; text_font=\u00a0\u00bbRoboto|||on|||||\u00a0\u00bb text_text_color=\u00a0\u00bb#fadf10&Prime; text_font_size=\u00a0\u00bb30px\u00a0\u00bb custom_margin=\u00a0\u00bb|||20px|false|false\u00a0\u00bb custom_margin_tablet=\u00a0\u00bb|||0px|false|false\u00a0\u00bb custom_margin_phone=\u00a0\u00bb\u00a0\u00bb custom_margin_last_edited=\u00a0\u00bbon|tablet\u00a0\u00bb text_font_size_tablet=\u00a0\u00bb20px\u00a0\u00bb text_font_size_phone=\u00a0\u00bb16px\u00a0\u00bb text_font_size_last_edited=\u00a0\u00bbon|phone\u00a0\u00bb text_orientation_tablet=\u00a0\u00bbcenter\u00a0\u00bb text_orientation_phone=\u00a0\u00bb\u00a0\u00bb text_orientation_last_edited=\u00a0\u00bbon|tablet\u00a0\u00bb global_colors_info=\u00a0\u00bb{}\u00a0\u00bb]<\/p>\n<p><img decoding=\"async\" loading=\"lazy\" src=\"https:\/\/www.aquitainespecialites.fr\/wp-content\/uploads\/2019\/09\/picto-utilisation-chocolatFichier-33.png\" width=\"30\" height=\"31\" alt=\"picto utilisation chocolat\" class=\"wp-image-187 alignnone size-full\" \/>\u00a0<span style=\"color: #c53338;\">instructions of use<\/span><\/p>\n<p>[\/et_pb_text][et_pb_text _builder_version=\u00a0\u00bb4.16&Prime; text_font=\u00a0\u00bbRoboto||||||||\u00a0\u00bb text_line_height=\u00a0\u00bb1.4em\u00a0\u00bb custom_padding=\u00a0\u00bb|20px||20px|false|false\u00a0\u00bb global_colors_info=\u00a0\u00bb{}\u00a0\u00bb]<\/p>\n<p>Remove the packaging. Preheat your oven to 220 \u00b0 C (Th 7-8). Warm the product between 5 and 10 minutes for the Canel\u00e9s to regain their crispness.<\/p>\n<p>Let them cool down before serving.<\/p>\n<p>[\/et_pb_text][et_pb_text _builder_version=\u00a0\u00bb4.16&Prime; text_font=\u00a0\u00bbRoboto|||on|||||\u00a0\u00bb text_text_color=\u00a0\u00bb#fadf10&Prime; text_font_size=\u00a0\u00bb30px\u00a0\u00bb custom_margin=\u00a0\u00bb|||20px|false|false\u00a0\u00bb custom_margin_tablet=\u00a0\u00bb|||0px|false|false\u00a0\u00bb custom_margin_phone=\u00a0\u00bb\u00a0\u00bb custom_margin_last_edited=\u00a0\u00bbon|tablet\u00a0\u00bb text_font_size_tablet=\u00a0\u00bb20px\u00a0\u00bb text_font_size_phone=\u00a0\u00bb16px\u00a0\u00bb text_font_size_last_edited=\u00a0\u00bbon|phone\u00a0\u00bb text_orientation_tablet=\u00a0\u00bbcenter\u00a0\u00bb text_orientation_phone=\u00a0\u00bb\u00a0\u00bb text_orientation_last_edited=\u00a0\u00bbon|tablet\u00a0\u00bb global_colors_info=\u00a0\u00bb{}\u00a0\u00bb]<\/p>\n<p><img decoding=\"async\" loading=\"lazy\" src=\"https:\/\/www.aquitainespecialites.fr\/wp-content\/uploads\/2019\/09\/picto-conservation-chocolatFichier-34.png\" width=\"28\" height=\"32\" alt=\"picto conservation chocolat\" class=\"wp-image-186 alignnone size-full\" \/>\u00a0<span style=\"color: #c53338;\">storage tips<\/span><\/p>\n<p>[\/et_pb_text][et_pb_text _builder_version=\u00a0\u00bb4.16&Prime; text_font=\u00a0\u00bbRoboto||||||||\u00a0\u00bb text_line_height=\u00a0\u00bb1.4em\u00a0\u00bb custom_padding=\u00a0\u00bb|20px||20px|false|false\u00a0\u00bb global_colors_info=\u00a0\u00bb{}\u00a0\u00bb]<\/p>\n<p>At room temperature.<\/p>\n<p>After opening, store at 4 \u00b0 C and consume preferably under 48h.<\/p>\n<p>[\/et_pb_text][\/et_pb_column][et_pb_column type=\u00a0\u00bb1_2&Prime; _builder_version=\u00a0\u00bb4.16&Prime; global_colors_info=\u00a0\u00bb{}\u00a0\u00bb][et_pb_text _builder_version=\u00a0\u00bb4.16&Prime; text_font=\u00a0\u00bbRoboto|||on|||||\u00a0\u00bb text_text_color=\u00a0\u00bb#c53338&Prime; text_font_size=\u00a0\u00bb30px\u00a0\u00bb custom_margin=\u00a0\u00bb4px||||false|false\u00a0\u00bb custom_margin_tablet=\u00a0\u00bb60px||||false|false\u00a0\u00bb custom_margin_phone=\u00a0\u00bb\u00a0\u00bb custom_margin_last_edited=\u00a0\u00bbon|phone\u00a0\u00bb text_font_size_tablet=\u00a0\u00bb20px\u00a0\u00bb text_font_size_phone=\u00a0\u00bb16px\u00a0\u00bb text_font_size_last_edited=\u00a0\u00bbon|phone\u00a0\u00bb global_colors_info=\u00a0\u00bb{}\u00a0\u00bb]<\/p>\n<p style=\"text-align: center;\">frozen<\/p>\n<p>[\/et_pb_text][et_pb_text _builder_version=\u00a0\u00bb4.16&Prime; text_font=\u00a0\u00bbRoboto||||||||\u00a0\u00bb text_line_height=\u00a0\u00bb1.2em\u00a0\u00bb global_colors_info=\u00a0\u00bb{}\u00a0\u00bb]<\/p>\n<p style=\"text-align: center;\"><strong>Shelf life : 1 year<\/strong><\/p>\n<p>[\/et_pb_text][et_pb_text _builder_version=\u00a0\u00bb4.16&Prime; text_font=\u00a0\u00bbRoboto|||on|||||\u00a0\u00bb text_text_color=\u00a0\u00bb#fadf10&Prime; text_font_size=\u00a0\u00bb30px\u00a0\u00bb custom_margin=\u00a0\u00bb|||20px|false|false\u00a0\u00bb custom_margin_tablet=\u00a0\u00bb|||0px|false|false\u00a0\u00bb custom_margin_phone=\u00a0\u00bb\u00a0\u00bb custom_margin_last_edited=\u00a0\u00bbon|tablet\u00a0\u00bb text_font_size_tablet=\u00a0\u00bb20px\u00a0\u00bb text_font_size_phone=\u00a0\u00bb16px\u00a0\u00bb text_font_size_last_edited=\u00a0\u00bbon|phone\u00a0\u00bb text_orientation_tablet=\u00a0\u00bbcenter\u00a0\u00bb text_orientation_phone=\u00a0\u00bb\u00a0\u00bb text_orientation_last_edited=\u00a0\u00bbon|tablet\u00a0\u00bb global_colors_info=\u00a0\u00bb{}\u00a0\u00bb]<\/p>\n<p><img decoding=\"async\" loading=\"lazy\" src=\"https:\/\/www.aquitainespecialites.fr\/wp-content\/uploads\/2019\/09\/picto-conditionnement-chocolatFichier-32.png\" width=\"29\" height=\"31\" alt=\"picto conditionnement chocolat\" class=\"wp-image-185 alignnone size-full\" \/>\u00a0<span style=\"color: #c53338;\">conditioning<\/span><\/p>\n<p>[\/et_pb_text][et_pb_text _builder_version=\u00a0\u00bb4.16&Prime; text_font=\u00a0\u00bbRoboto||||||||\u00a0\u00bb text_line_height=\u00a0\u00bb1.4em\u00a0\u00bb custom_padding=\u00a0\u00bb|20px||20px|false|false\u00a0\u00bb global_colors_info=\u00a0\u00bb{}\u00a0\u00bb]<\/p>\n<p>PET box of <strong>6 Gros<\/strong> &#8211; <strong>8 Lunch<\/strong> &#8211; <strong>12 Bouch\u00e9e<\/strong>.<\/p>\n<p>Box of <strong>75 Gros<\/strong> &#8211; <strong>150 Lunch<\/strong> &#8211; <strong>200 Bouch\u00e9e<\/strong>.<\/p>\n<p>Case of <strong>4 Gros<\/strong> &#8211; <strong>9 Lunch<\/strong> &#8211; <strong>12 Bouch\u00e9e<\/strong>.<\/p>\n<p>Blister packs.<\/p>\n<p>[\/et_pb_text][et_pb_text _builder_version=\u00a0\u00bb4.16&Prime; text_font=\u00a0\u00bbRoboto|||on|||||\u00a0\u00bb text_text_color=\u00a0\u00bb#fadf10&Prime; text_font_size=\u00a0\u00bb30px\u00a0\u00bb custom_margin=\u00a0\u00bb|||20px|false|false\u00a0\u00bb custom_margin_tablet=\u00a0\u00bb|||0px|false|false\u00a0\u00bb custom_margin_phone=\u00a0\u00bb\u00a0\u00bb custom_margin_last_edited=\u00a0\u00bbon|tablet\u00a0\u00bb text_font_size_tablet=\u00a0\u00bb20px\u00a0\u00bb text_font_size_phone=\u00a0\u00bb16px\u00a0\u00bb text_font_size_last_edited=\u00a0\u00bbon|phone\u00a0\u00bb text_orientation_tablet=\u00a0\u00bbcenter\u00a0\u00bb text_orientation_phone=\u00a0\u00bb\u00a0\u00bb text_orientation_last_edited=\u00a0\u00bbon|tablet\u00a0\u00bb global_colors_info=\u00a0\u00bb{}\u00a0\u00bb]<\/p>\n<p><span style=\"color: #c53338;\"><img decoding=\"async\" loading=\"lazy\" src=\"https:\/\/www.aquitainespecialites.fr\/wp-content\/uploads\/2019\/09\/picto-utilisation-chocolatFichier-33.png\" width=\"30\" height=\"31\" alt=\"picto utilisation chocolat\" class=\"wp-image-187 alignnone size-full\" \/>\u00a0instructions of use<\/span><\/p>\n<p>[\/et_pb_text][et_pb_text _builder_version=\u00a0\u00bb4.16&Prime; text_font=\u00a0\u00bbRoboto||||||||\u00a0\u00bb text_line_height=\u00a0\u00bb1.4em\u00a0\u00bb custom_padding=\u00a0\u00bb|20px||20px|false|false\u00a0\u00bb global_colors_info=\u00a0\u00bb{}\u00a0\u00bb]<\/p>\n<p>Remove the Canel\u00e9s from their packaging. Thaw for 5 hours between 0 and 4 \u00b0 C then leave at least 10 minutes at room temperature before eating. You can also put them in a traditional hot oven without thawing for 5 to 10 minutes at 220 \u00b0 C.<\/p>\n<p>Let them cool down before serving.<\/p>\n<p>[\/et_pb_text][et_pb_text _builder_version=\u00a0\u00bb4.16&Prime; text_font=\u00a0\u00bbRoboto|||on|||||\u00a0\u00bb text_text_color=\u00a0\u00bb#c53338&Prime; text_font_size=\u00a0\u00bb30px\u00a0\u00bb custom_margin=\u00a0\u00bb|||20px|false|false\u00a0\u00bb custom_margin_tablet=\u00a0\u00bb|||0px|false|false\u00a0\u00bb custom_margin_phone=\u00a0\u00bb\u00a0\u00bb custom_margin_last_edited=\u00a0\u00bbon|tablet\u00a0\u00bb text_font_size_tablet=\u00a0\u00bb20px\u00a0\u00bb text_font_size_phone=\u00a0\u00bb16px\u00a0\u00bb text_font_size_last_edited=\u00a0\u00bbon|phone\u00a0\u00bb text_orientation_tablet=\u00a0\u00bbcenter\u00a0\u00bb text_orientation_phone=\u00a0\u00bb\u00a0\u00bb text_orientation_last_edited=\u00a0\u00bbon|tablet\u00a0\u00bb global_colors_info=\u00a0\u00bb{}\u00a0\u00bb]<\/p>\n<p><img decoding=\"async\" loading=\"lazy\" src=\"https:\/\/www.aquitainespecialites.fr\/wp-content\/uploads\/2019\/09\/picto-conservation-chocolatFichier-34.png\" width=\"28\" height=\"32\" alt=\"picto conservation chocolat\" class=\"wp-image-186 alignnone size-full\" \/>\u00a0storage tips<\/p>\n<p>[\/et_pb_text][et_pb_text _builder_version=\u00a0\u00bb4.16&Prime; text_font=\u00a0\u00bbRoboto||||||||\u00a0\u00bb text_line_height=\u00a0\u00bb1.4em\u00a0\u00bb custom_padding=\u00a0\u00bb|20px||20px|false|false\u00a0\u00bb global_colors_info=\u00a0\u00bb{}\u00a0\u00bb]<\/p>\n<p>Store at -18\u00b0C. After thawing, store at 4\u00b0C and eat within 4 days.<\/p>\n<p>Never refreeze a thawed product !<\/p>\n<p>[\/et_pb_text][\/et_pb_column][\/et_pb_row][\/et_pb_section][et_pb_section fb_built=\u00a0\u00bb1&Prime; disabled_on=\u00a0\u00bbon|on|on\u00a0\u00bb _builder_version=\u00a0\u00bb4.18.0&Prime; _module_preset=\u00a0\u00bbdefault\u00a0\u00bb disabled=\u00a0\u00bbon\u00a0\u00bb locked=\u00a0\u00bboff\u00a0\u00bb global_colors_info=\u00a0\u00bb{}\u00a0\u00bb][et_pb_row _builder_version=\u00a0\u00bb4.18.0&Prime; _module_preset=\u00a0\u00bbdefault\u00a0\u00bb global_colors_info=\u00a0\u00bb{}\u00a0\u00bb][et_pb_column type=\u00a0\u00bb4_4&Prime; _builder_version=\u00a0\u00bb4.18.0&Prime; _module_preset=\u00a0\u00bbdefault\u00a0\u00bb global_colors_info=\u00a0\u00bb{}\u00a0\u00bb][et_pb_text _builder_version=\u00a0\u00bb4.18.0&Prime; text_font=\u00a0\u00bbRoboto|||on|||||\u00a0\u00bb text_text_color=\u00a0\u00bb#c53338&Prime; text_font_size=\u00a0\u00bb30px\u00a0\u00bb custom_margin=\u00a0\u00bb|||20px|false|false\u00a0\u00bb custom_margin_tablet=\u00a0\u00bb|||0px|false|false\u00a0\u00bb custom_margin_phone=\u00a0\u00bb\u00a0\u00bb custom_margin_last_edited=\u00a0\u00bbon|tablet\u00a0\u00bb text_font_size_tablet=\u00a0\u00bb20px\u00a0\u00bb text_font_size_phone=\u00a0\u00bb16px\u00a0\u00bb text_font_size_last_edited=\u00a0\u00bbon|phone\u00a0\u00bb text_orientation_tablet=\u00a0\u00bbcenter\u00a0\u00bb text_orientation_phone=\u00a0\u00bb\u00a0\u00bb text_orientation_last_edited=\u00a0\u00bbon|tablet\u00a0\u00bb global_colors_info=\u00a0\u00bb{}\u00a0\u00bb]<\/p>\n<p>LIST OF ALLERGENS<\/p>\n<p>[\/et_pb_text][et_pb_text _builder_version=\u00a0\u00bb4.18.0&Prime; text_font=\u00a0\u00bbRoboto||||||||\u00a0\u00bb text_line_height=\u00a0\u00bb1.4em\u00a0\u00bb custom_padding=\u00a0\u00bb|20px||20px|false|false\u00a0\u00bb global_colors_info=\u00a0\u00bb{}\u00a0\u00bb]<\/p>\n<p>This product may contain traces of cereals containing gluten (wheat), milk, eggs, possible traces of mustard and soya.<\/p>\n<p>[\/et_pb_text][\/et_pb_column][\/et_pb_row][\/et_pb_section][et_pb_section fb_built=\u00a0\u00bb1&Prime; _builder_version=\u00a0\u00bb4.16&Prime; custom_margin=\u00a0\u00bb||0px||false|false\u00a0\u00bb custom_padding=\u00a0\u00bb0px||0px||false|false\u00a0\u00bb global_colors_info=\u00a0\u00bb{}\u00a0\u00bb][et_pb_row column_structure=\u00a0\u00bb1_2,1_6,1_6,1_6&Prime; use_custom_gutter=\u00a0\u00bbon\u00a0\u00bb gutter_width=\u00a0\u00bb1&Prime; make_equal=\u00a0\u00bbon\u00a0\u00bb _builder_version=\u00a0\u00bb4.22.1&Prime; background_color=\u00a0\u00bb#afafaf\u00a0\u00bb width=\u00a0\u00bb100%\u00a0\u00bb max_width=\u00a0\u00bb100%\u00a0\u00bb custom_margin=\u00a0\u00bb||0px||false|false\u00a0\u00bb custom_padding=\u00a0\u00bb||0px||false|false\u00a0\u00bb global_colors_info=\u00a0\u00bb{}\u00a0\u00bb theme_builder_area=\u00a0\u00bbpost_content\u00a0\u00bb][et_pb_column type=\u00a0\u00bb1_2&Prime; _builder_version=\u00a0\u00bb4.22.1&Prime; global_colors_info=\u00a0\u00bb{}\u00a0\u00bb theme_builder_area=\u00a0\u00bbpost_content\u00a0\u00bb][et_pb_text _builder_version=\u00a0\u00bb4.19.3&Prime; text_font=\u00a0\u00bbLora|||on|||||\u00a0\u00bb text_text_color=\u00a0\u00bb#FFFFFF\u00a0\u00bb text_font_size=\u00a0\u00bb33px\u00a0\u00bb text_line_height=\u00a0\u00bb1em\u00a0\u00bb custom_margin=\u00a0\u00bb3%||||false|false\u00a0\u00bb custom_padding=\u00a0\u00bb|||10%|false|false\u00a0\u00bb text_font_size_tablet=\u00a0\u00bb32px\u00a0\u00bb text_font_size_phone=\u00a0\u00bb22px\u00a0\u00bb text_font_size_last_edited=\u00a0\u00bbon|phone\u00a0\u00bb global_colors_info=\u00a0\u00bb{}\u00a0\u00bb theme_builder_area=\u00a0\u00bbpost_content\u00a0\u00bb]<\/p>\n<p style=\"text-align: justify;\">aquitaine sp\u00e9cialit\u00e9s<\/p>\n<p>[\/et_pb_text][et_pb_text _builder_version=\u00a0\u00bb4.22.1&Prime; text_font=\u00a0\u00bbRoboto||||||||\u00a0\u00bb text_text_color=\u00a0\u00bb#ffffff\u00a0\u00bb text_font_size=\u00a0\u00bb17px\u00a0\u00bb text_line_height=\u00a0\u00bb1.6em\u00a0\u00bb text_orientation=\u00a0\u00bbjustified\u00a0\u00bb custom_margin=\u00a0\u00bb3%||0.1%||false|false\u00a0\u00bb custom_padding=\u00a0\u00bb|20%||10%|false|false\u00a0\u00bb custom_padding_tablet=\u00a0\u00bb\u00a0\u00bb custom_padding_phone=\u00a0\u00bb|10%||10%|false|false\u00a0\u00bb custom_padding_last_edited=\u00a0\u00bbon|phone\u00a0\u00bb text_font_size_tablet=\u00a0\u00bb14px\u00a0\u00bb text_font_size_phone=\u00a0\u00bb\u00a0\u00bb text_font_size_last_edited=\u00a0\u00bbon|tablet\u00a0\u00bb global_colors_info=\u00a0\u00bb{}\u00a0\u00bb theme_builder_area=\u00a0\u00bbpost_content\u00a0\u00bb]<\/p>\n<p>World leader in the manufacture of Canel\u00e9s de Bordeaux, a traditional local pastry. With quality at the heart of our values, innovative manufacturing processes have preserved the quality of our products, which contain no preservatives, additives, colorants or GMOs.<\/p>\n<p>[\/et_pb_text][\/et_pb_column][et_pb_column type=\u00a0\u00bb1_6&Prime; _builder_version=\u00a0\u00bb4.22.1&Prime; custom_padding=\u00a0\u00bb||0px||false|false\u00a0\u00bb global_colors_info=\u00a0\u00bb{}\u00a0\u00bb theme_builder_area=\u00a0\u00bbpost_content\u00a0\u00bb][et_pb_text _builder_version=\u00a0\u00bb4.22.1&Prime; text_font=\u00a0\u00bbRoboto||||||||\u00a0\u00bb text_text_color=\u00a0\u00bb#ffffff\u00a0\u00bb text_font_size=\u00a0\u00bb13px\u00a0\u00bb link_font=\u00a0\u00bbRoboto|||on|||||\u00a0\u00bb link_text_color=\u00a0\u00bb#ffffff\u00a0\u00bb link_font_size=\u00a0\u00bb13px\u00a0\u00bb link_line_height=\u00a0\u00bb2em\u00a0\u00bb custom_margin=\u00a0\u00bb10%||0px||false|false\u00a0\u00bb custom_padding=\u00a0\u00bb||0px||false|false\u00a0\u00bb text_text_color_tablet=\u00a0\u00bb\u00a0\u00bb text_text_color_phone=\u00a0\u00bb\u00a0\u00bb text_text_color_last_edited=\u00a0\u00bbon|desktop\u00a0\u00bb text_orientation_tablet=\u00a0\u00bbcenter\u00a0\u00bb text_orientation_phone=\u00a0\u00bb\u00a0\u00bb text_orientation_last_edited=\u00a0\u00bbon|tablet\u00a0\u00bb global_colors_info=\u00a0\u00bb{}\u00a0\u00bb text_text_color__hover_enabled=\u00a0\u00bbon|hover\u00a0\u00bb text_text_color__hover=\u00a0\u00bb#ffffff\u00a0\u00bb theme_builder_area=\u00a0\u00bbpost_content\u00a0\u00bb]<\/p>\n<p><a href=\"\/en\/\">Home<\/a><\/p>\n<p><a href=\"\/en\/qui-sommes-nous\/\">who are we<\/a><\/p>\n<p><a href=\"\/en\/histoire-du-canele\/\">history of the canel\u00e9<\/a><\/p>\n<p><a href=\"\/en\/engagement\/\">quality commitment<\/a><\/p>\n<p><a href=\"\/en\/nos-caneles\/\">our canel\u00e9s<\/a><\/p>\n<p>&nbsp;<\/p>\n<p>[\/et_pb_text][\/et_pb_column][et_pb_column type=\u00a0\u00bb1_6&Prime; _builder_version=\u00a0\u00bb4.22.1&Prime; custom_padding=\u00a0\u00bb||0px||false|false\u00a0\u00bb global_colors_info=\u00a0\u00bb{}\u00a0\u00bb theme_builder_area=\u00a0\u00bbpost_content\u00a0\u00bb][et_pb_text _builder_version=\u00a0\u00bb4.19.3&Prime; text_font=\u00a0\u00bbRoboto||||||||\u00a0\u00bb text_text_color=\u00a0\u00bb#ffffff\u00a0\u00bb text_font_size=\u00a0\u00bb13px\u00a0\u00bb link_font=\u00a0\u00bbRoboto|||on|||||\u00a0\u00bb link_text_color=\u00a0\u00bb#ffffff\u00a0\u00bb link_font_size=\u00a0\u00bb13px\u00a0\u00bb link_line_height=\u00a0\u00bb2em\u00a0\u00bb custom_margin=\u00a0\u00bb10%||||false|false\u00a0\u00bb text_text_color_tablet=\u00a0\u00bb\u00a0\u00bb text_text_color_phone=\u00a0\u00bb\u00a0\u00bb text_text_color_last_edited=\u00a0\u00bbon|desktop\u00a0\u00bb text_orientation_tablet=\u00a0\u00bbcenter\u00a0\u00bb text_orientation_phone=\u00a0\u00bb\u00a0\u00bb text_orientation_last_edited=\u00a0\u00bbon|tablet\u00a0\u00bb global_colors_info=\u00a0\u00bb{}\u00a0\u00bb text_text_color__hover_enabled=\u00a0\u00bbon|hover\u00a0\u00bb text_text_color__hover=\u00a0\u00bb#ffffff\u00a0\u00bb theme_builder_area=\u00a0\u00bbpost_content\u00a0\u00bb]<\/p>\n<p><a href=\"\/en\/distribution\/\">distribution<\/a><\/p>\n<p><a href=\"\/en\/contact\/\">contact<\/a><\/p>\n<p><a href=\"\/en\/changer-de-mot-de-passe\/\">change your password<\/a><\/p>\n<p><a href=\"\/en\/mentions-legales\/\">LEGAL INFORMATION\u00a0<\/a><\/p>\n<p>[\/et_pb_text][\/et_pb_column][et_pb_column type=\u00a0\u00bb1_6&Prime; _builder_version=\u00a0\u00bb4.22.1&Prime; custom_padding=\u00a0\u00bb||0px||false|false\u00a0\u00bb global_colors_info=\u00a0\u00bb{}\u00a0\u00bb theme_builder_area=\u00a0\u00bbpost_content\u00a0\u00bb][et_pb_text _builder_version=\u00a0\u00bb4.16&Prime; text_font=\u00a0\u00bbRoboto|||on|||||\u00a0\u00bb text_text_color=\u00a0\u00bb#ffffff\u00a0\u00bb text_font_size=\u00a0\u00bb16px\u00a0\u00bb custom_margin=\u00a0\u00bb10%||||false|false\u00a0\u00bb text_orientation_tablet=\u00a0\u00bbcenter\u00a0\u00bb text_orientation_phone=\u00a0\u00bb\u00a0\u00bb text_orientation_last_edited=\u00a0\u00bbon|tablet\u00a0\u00bb global_colors_info=\u00a0\u00bb{}\u00a0\u00bb theme_builder_area=\u00a0\u00bbpost_content\u00a0\u00bb]<\/p>\n<p>Contact us<\/p>\n<p>[\/et_pb_text][et_pb_text _builder_version=\u00a0\u00bb4.19.3&Prime; text_font=\u00a0\u00bbRoboto||||||||\u00a0\u00bb text_text_color=\u00a0\u00bb#FFFFFF\u00a0\u00bb text_font_size=\u00a0\u00bb16px\u00a0\u00bb custom_margin=\u00a0\u00bb9%||||false|false\u00a0\u00bb custom_margin_tablet=\u00a0\u00bb\u00a0\u00bb custom_margin_phone=\u00a0\u00bb4%||||false|false\u00a0\u00bb custom_margin_last_edited=\u00a0\u00bbon|phone\u00a0\u00bb text_orientation_tablet=\u00a0\u00bbcenter\u00a0\u00bb text_orientation_phone=\u00a0\u00bb\u00a0\u00bb text_orientation_last_edited=\u00a0\u00bbon|tablet\u00a0\u00bb global_colors_info=\u00a0\u00bb{}\u00a0\u00bb theme_builder_area=\u00a0\u00bbpost_content\u00a0\u00bb]<\/p>\n<p>05 56 74 71 30<\/p>\n<p>contact@aquitaine-specialites.fr<\/p>\n<p>[\/et_pb_text][\/et_pb_column][\/et_pb_row][et_pb_row column_structure=\u00a0\u00bb1_6,1_6,1_6,1_6,1_6,1_6&Prime; use_custom_gutter=\u00a0\u00bbon\u00a0\u00bb gutter_width=\u00a0\u00bb1&Prime; make_equal=\u00a0\u00bbon\u00a0\u00bb _builder_version=\u00a0\u00bb4.22.1&Prime; background_color=\u00a0\u00bb#afafaf\u00a0\u00bb width=\u00a0\u00bb100%\u00a0\u00bb max_width=\u00a0\u00bb100%\u00a0\u00bb custom_margin=\u00a0\u00bb|auto||auto|false|false\u00a0\u00bb custom_padding=\u00a0\u00bb0px||3%||false|false\u00a0\u00bb global_colors_info=\u00a0\u00bb{}\u00a0\u00bb theme_builder_area=\u00a0\u00bbpost_content\u00a0\u00bb][et_pb_column type=\u00a0\u00bb1_6&Prime; _builder_version=\u00a0\u00bb4.22.1&Prime; custom_padding=\u00a0\u00bb0px|0px|0px|0px|false|false\u00a0\u00bb global_colors_info=\u00a0\u00bb{}\u00a0\u00bb theme_builder_area=\u00a0\u00bbpost_content\u00a0\u00bb][et_pb_image src=\u00a0\u00bbhttps:\/\/www.aquitainespecialites.fr\/wp-content\/uploads\/2024\/03\/LOGO-Canele-de-Bordeaux-OR-site.png\u00a0\u00bb alt=\u00a0\u00bblogo canel\u00e9 de bordeaux\u00a0\u00bb title_text=\u00a0\u00bbLOGO-Canel\u00e9-de-Bordeaux-OR-site\u00a0\u00bb _builder_version=\u00a0\u00bb4.22.1&Prime; width=\u00a0\u00bb100%\u00a0\u00bb width_tablet=\u00a0\u00bb46%\u00a0\u00bb width_phone=\u00a0\u00bb\u00a0\u00bb width_last_edited=\u00a0\u00bbon|tablet\u00a0\u00bb max_width=\u00a0\u00bb100%\u00a0\u00bb custom_margin=\u00a0\u00bb5%||10%||false|false\u00a0\u00bb custom_margin_tablet=\u00a0\u00bb\u00a0\u00bb custom_margin_phone=\u00a0\u00bb\u00a0\u00bb custom_margin_last_edited=\u00a0\u00bbon|tablet\u00a0\u00bb custom_padding=\u00a0\u00bb||0px|30%|false|false\u00a0\u00bb custom_padding_tablet=\u00a0\u00bb|||0%|false|false\u00a0\u00bb custom_padding_phone=\u00a0\u00bb\u00a0\u00bb custom_padding_last_edited=\u00a0\u00bbon|tablet\u00a0\u00bb module_alignment_tablet=\u00a0\u00bbcenter\u00a0\u00bb module_alignment_phone=\u00a0\u00bb\u00a0\u00bb module_alignment_last_edited=\u00a0\u00bbon|tablet\u00a0\u00bb global_colors_info=\u00a0\u00bb{}\u00a0\u00bb theme_builder_area=\u00a0\u00bbpost_content\u00a0\u00bb][\/et_pb_image][\/et_pb_column][et_pb_column type=\u00a0\u00bb1_6&Prime; _builder_version=\u00a0\u00bb4.16&Prime; global_colors_info=\u00a0\u00bb{}\u00a0\u00bb theme_builder_area=\u00a0\u00bbpost_content\u00a0\u00bb][et_pb_image src=\u00a0\u00bbhttps:\/\/www.aquitainespecialites.fr\/wp-content\/uploads\/2024\/03\/Aquitaine-specialite-logo-site.png\u00a0\u00bb title_text=\u00a0\u00bbAquitaine sp\u00e9cialit\u00e9 logo site\u00a0\u00bb url=\u00a0\u00bbhttps:\/\/www.aquitainespecialites.fr\/\u00a0\u00bb _builder_version=\u00a0\u00bb4.22.1&Prime; width=\u00a0\u00bb100%\u00a0\u00bb width_tablet=\u00a0\u00bb46%\u00a0\u00bb width_phone=\u00a0\u00bb\u00a0\u00bb width_last_edited=\u00a0\u00bbon|tablet\u00a0\u00bb max_width=\u00a0\u00bb55%\u00a0\u00bb custom_margin=\u00a0\u00bb0%||5%||false|false\u00a0\u00bb custom_margin_tablet=\u00a0\u00bb\u00a0\u00bb custom_margin_phone=\u00a0\u00bb\u00a0\u00bb custom_margin_last_edited=\u00a0\u00bbon|tablet\u00a0\u00bb custom_padding=\u00a0\u00bb|||0%|false|false\u00a0\u00bb custom_padding_tablet=\u00a0\u00bb|||0%|false|false\u00a0\u00bb custom_padding_phone=\u00a0\u00bb\u00a0\u00bb custom_padding_last_edited=\u00a0\u00bbon|desktop\u00a0\u00bb module_alignment_tablet=\u00a0\u00bbcenter\u00a0\u00bb module_alignment_phone=\u00a0\u00bb\u00a0\u00bb module_alignment_last_edited=\u00a0\u00bbon|tablet\u00a0\u00bb global_colors_info=\u00a0\u00bb{}\u00a0\u00bb theme_builder_area=\u00a0\u00bbpost_content\u00a0\u00bb][\/et_pb_image][\/et_pb_column][et_pb_column type=\u00a0\u00bb1_6&Prime; _builder_version=\u00a0\u00bb4.16&Prime; global_colors_info=\u00a0\u00bb{}\u00a0\u00bb theme_builder_area=\u00a0\u00bbpost_content\u00a0\u00bb][\/et_pb_column][et_pb_column type=\u00a0\u00bb1_6&Prime; _builder_version=\u00a0\u00bb4.16&Prime; global_colors_info=\u00a0\u00bb{}\u00a0\u00bb theme_builder_area=\u00a0\u00bbpost_content\u00a0\u00bb][\/et_pb_column][et_pb_column type=\u00a0\u00bb1_6&Prime; _builder_version=\u00a0\u00bb4.16&Prime; global_colors_info=\u00a0\u00bb{}\u00a0\u00bb theme_builder_area=\u00a0\u00bbpost_content\u00a0\u00bb][\/et_pb_column][et_pb_column type=\u00a0\u00bb1_6&Prime; _builder_version=\u00a0\u00bb4.16&Prime; global_colors_info=\u00a0\u00bb{}\u00a0\u00bb theme_builder_area=\u00a0\u00bbpost_content\u00a0\u00bb][\/et_pb_column][\/et_pb_row][\/et_pb_section]<\/p>","protected":false},"excerpt":{"rendered":"<p>canel\u00e9 framboisesans alcool &#8211; aromes naturels &#8211; oeufs plein airExiste en trois taillesAmbiantDLUO 50 jours \u00e0 fabrication (20 jours pour le Blister)\u00a0conditionnementEn Barquette herm\u00e9tique sous atmosph\u00e8re protectrice. Barquette de 6 Gros &#8211; 8 Lunch &#8211; 12 Bouch\u00e9e. Coffret fourreau de 8 Lunch. Blister.\u00a0conseils d&rsquo;utilisationRetirer l&#8217;emballage. Pr\u00e9chauffer votre four \u00e0 220\u00b0C (Th 7-8). R\u00e9chauffer le produit [&hellip;]<\/p>","protected":false},"author":1,"featured_media":2676,"template":"","meta":{"_et_pb_use_builder":"on","_et_pb_old_content":"","_et_gb_content_width":"","inline_featured_image":false,"_exactmetrics_skip_tracking":false,"_exactmetrics_sitenote_active":false,"_exactmetrics_sitenote_note":"","_exactmetrics_sitenote_category":0},"project_category":[11],"project_tag":[],"yoast_head":"<!-- This site is optimized with the Yoast SEO plugin v21.3 - https:\/\/yoast.com\/wordpress\/plugins\/seo\/ -->\n<title>Canel\u00e9 Framboise - AQUITAINE SPECIALITES<\/title>\n<meta name=\"robots\" content=\"index, follow, max-snippet:-1, max-image-preview:large, max-video-preview:-1\" \/>\n<link rel=\"canonical\" href=\"https:\/\/www.aquitainespecialites.fr\/en\/project\/canele-framboise\/\" \/>\n<meta property=\"og:locale\" content=\"en_GB\" \/>\n<meta property=\"og:type\" content=\"article\" \/>\n<meta property=\"og:title\" content=\"Canel\u00e9 Framboise - AQUITAINE SPECIALITES\" \/>\n<meta property=\"og:description\" content=\"canel\u00e9 framboisesans alcool - aromes naturels - oeufs plein airExiste en trois taillesAmbiantDLUO 50 jours \u00e0 fabrication (20 jours pour le Blister)\u00a0conditionnementEn Barquette herm\u00e9tique sous atmosph\u00e8re protectrice. Barquette de 6 Gros - 8 Lunch - 12 Bouch\u00e9e. Coffret fourreau de 8 Lunch. Blister.\u00a0conseils d&#039;utilisationRetirer l&#039;emballage. Pr\u00e9chauffer votre four \u00e0 220\u00b0C (Th 7-8). R\u00e9chauffer le produit [&hellip;]\" \/>\n<meta property=\"og:url\" content=\"https:\/\/www.aquitainespecialites.fr\/en\/project\/canele-framboise\/\" \/>\n<meta property=\"og:site_name\" content=\"AQUITAINE SPECIALITES\" \/>\n<meta property=\"article:modified_time\" content=\"2024-03-26T10:51:48+00:00\" \/>\n<meta property=\"og:image\" content=\"https:\/\/www.aquitainespecialites.fr\/wp-content\/uploads\/2019\/09\/framboise-catalogue.jpg\" \/>\n\t<meta property=\"og:image:width\" content=\"590\" \/>\n\t<meta property=\"og:image:height\" content=\"590\" \/>\n\t<meta property=\"og:image:type\" content=\"image\/jpeg\" \/>\n<meta name=\"twitter:card\" content=\"summary_large_image\" \/>\n<meta name=\"twitter:label1\" content=\"Estimated reading time\" \/>\n\t<meta name=\"twitter:data1\" content=\"5 minutes\" \/>\n<script type=\"application\/ld+json\" class=\"yoast-schema-graph\">{\"@context\":\"https:\/\/schema.org\",\"@graph\":[{\"@type\":\"WebPage\",\"@id\":\"https:\/\/www.aquitainespecialites.fr\/project\/canele-framboise\/\",\"url\":\"https:\/\/www.aquitainespecialites.fr\/project\/canele-framboise\/\",\"name\":\"Canel\u00e9 Framboise - AQUITAINE SPECIALITES\",\"isPartOf\":{\"@id\":\"https:\/\/www.aquitainespecialites.fr\/#website\"},\"datePublished\":\"2019-09-22T10:15:35+00:00\",\"dateModified\":\"2024-03-26T10:51:48+00:00\",\"breadcrumb\":{\"@id\":\"https:\/\/www.aquitainespecialites.fr\/project\/canele-framboise\/#breadcrumb\"},\"inLanguage\":\"en-GB\",\"potentialAction\":[{\"@type\":\"ReadAction\",\"target\":[\"https:\/\/www.aquitainespecialites.fr\/project\/canele-framboise\/\"]}]},{\"@type\":\"BreadcrumbList\",\"@id\":\"https:\/\/www.aquitainespecialites.fr\/project\/canele-framboise\/#breadcrumb\",\"itemListElement\":[{\"@type\":\"ListItem\",\"position\":1,\"name\":\"Accueil\",\"item\":\"https:\/\/www.aquitainespecialites.fr\/\"},{\"@type\":\"ListItem\",\"position\":2,\"name\":\"Projets\",\"item\":\"https:\/\/www.aquitainespecialites.fr\/project\/\"},{\"@type\":\"ListItem\",\"position\":3,\"name\":\"Canel\u00e9 Framboise\"}]},{\"@type\":\"WebSite\",\"@id\":\"https:\/\/www.aquitainespecialites.fr\/#website\",\"url\":\"https:\/\/www.aquitainespecialites.fr\/\",\"name\":\"AQUITAINE SPECIALITES\",\"description\":\"\",\"publisher\":{\"@id\":\"https:\/\/www.aquitainespecialites.fr\/#organization\"},\"potentialAction\":[{\"@type\":\"SearchAction\",\"target\":{\"@type\":\"EntryPoint\",\"urlTemplate\":\"https:\/\/www.aquitainespecialites.fr\/?s={search_term_string}\"},\"query-input\":\"required name=search_term_string\"}],\"inLanguage\":\"en-GB\"},{\"@type\":\"Organization\",\"@id\":\"https:\/\/www.aquitainespecialites.fr\/#organization\",\"name\":\"Aquitaine Sp\u00e9cialit\u00e9s\",\"url\":\"https:\/\/www.aquitainespecialites.fr\/\",\"logo\":{\"@type\":\"ImageObject\",\"inLanguage\":\"en-GB\",\"@id\":\"https:\/\/www.aquitainespecialites.fr\/#\/schema\/logo\/image\/\",\"url\":\"https:\/\/www.aquitainespecialites.fr\/wp-content\/uploads\/2019\/10\/AS-logoFichier-24-1.png\",\"contentUrl\":\"https:\/\/www.aquitainespecialites.fr\/wp-content\/uploads\/2019\/10\/AS-logoFichier-24-1.png\",\"width\":359,\"height\":233,\"caption\":\"Aquitaine Sp\u00e9cialit\u00e9s\"},\"image\":{\"@id\":\"https:\/\/www.aquitainespecialites.fr\/#\/schema\/logo\/image\/\"}}]}<\/script>\n<!-- \/ Yoast SEO plugin. -->","yoast_head_json":{"title":"Canel\u00e9 Framboise - AQUITAINE SPECIALITES","robots":{"index":"index","follow":"follow","max-snippet":"max-snippet:-1","max-image-preview":"max-image-preview:large","max-video-preview":"max-video-preview:-1"},"canonical":"https:\/\/www.aquitainespecialites.fr\/en\/project\/canele-framboise\/","og_locale":"en_GB","og_type":"article","og_title":"Canel\u00e9 Framboise - AQUITAINE SPECIALITES","og_description":"canel\u00e9 framboisesans alcool - aromes naturels - oeufs plein airExiste en trois taillesAmbiantDLUO 50 jours \u00e0 fabrication (20 jours pour le Blister)\u00a0conditionnementEn Barquette herm\u00e9tique sous atmosph\u00e8re protectrice. Barquette de 6 Gros - 8 Lunch - 12 Bouch\u00e9e. Coffret fourreau de 8 Lunch. Blister.\u00a0conseils d'utilisationRetirer l'emballage. Pr\u00e9chauffer votre four \u00e0 220\u00b0C (Th 7-8). R\u00e9chauffer le produit [&hellip;]","og_url":"https:\/\/www.aquitainespecialites.fr\/en\/project\/canele-framboise\/","og_site_name":"AQUITAINE SPECIALITES","article_modified_time":"2024-03-26T10:51:48+00:00","og_image":[{"width":590,"height":590,"url":"https:\/\/www.aquitainespecialites.fr\/wp-content\/uploads\/2019\/09\/framboise-catalogue.jpg","type":"image\/jpeg"}],"twitter_card":"summary_large_image","twitter_misc":{"Estimated reading time":"5 minutes"},"schema":{"@context":"https:\/\/schema.org","@graph":[{"@type":"WebPage","@id":"https:\/\/www.aquitainespecialites.fr\/project\/canele-framboise\/","url":"https:\/\/www.aquitainespecialites.fr\/project\/canele-framboise\/","name":"Canel\u00e9 Framboise - AQUITAINE SPECIALITES","isPartOf":{"@id":"https:\/\/www.aquitainespecialites.fr\/#website"},"datePublished":"2019-09-22T10:15:35+00:00","dateModified":"2024-03-26T10:51:48+00:00","breadcrumb":{"@id":"https:\/\/www.aquitainespecialites.fr\/project\/canele-framboise\/#breadcrumb"},"inLanguage":"en-GB","potentialAction":[{"@type":"ReadAction","target":["https:\/\/www.aquitainespecialites.fr\/project\/canele-framboise\/"]}]},{"@type":"BreadcrumbList","@id":"https:\/\/www.aquitainespecialites.fr\/project\/canele-framboise\/#breadcrumb","itemListElement":[{"@type":"ListItem","position":1,"name":"Accueil","item":"https:\/\/www.aquitainespecialites.fr\/"},{"@type":"ListItem","position":2,"name":"Projets","item":"https:\/\/www.aquitainespecialites.fr\/project\/"},{"@type":"ListItem","position":3,"name":"Canel\u00e9 Framboise"}]},{"@type":"WebSite","@id":"https:\/\/www.aquitainespecialites.fr\/#website","url":"https:\/\/www.aquitainespecialites.fr\/","name":"AQUITAINE SPECIALITES","description":"","publisher":{"@id":"https:\/\/www.aquitainespecialites.fr\/#organization"},"potentialAction":[{"@type":"SearchAction","target":{"@type":"EntryPoint","urlTemplate":"https:\/\/www.aquitainespecialites.fr\/?s={search_term_string}"},"query-input":"required name=search_term_string"}],"inLanguage":"en-GB"},{"@type":"Organization","@id":"https:\/\/www.aquitainespecialites.fr\/#organization","name":"Aquitaine Sp\u00e9cialit\u00e9s","url":"https:\/\/www.aquitainespecialites.fr\/","logo":{"@type":"ImageObject","inLanguage":"en-GB","@id":"https:\/\/www.aquitainespecialites.fr\/#\/schema\/logo\/image\/","url":"https:\/\/www.aquitainespecialites.fr\/wp-content\/uploads\/2019\/10\/AS-logoFichier-24-1.png","contentUrl":"https:\/\/www.aquitainespecialites.fr\/wp-content\/uploads\/2019\/10\/AS-logoFichier-24-1.png","width":359,"height":233,"caption":"Aquitaine Sp\u00e9cialit\u00e9s"},"image":{"@id":"https:\/\/www.aquitainespecialites.fr\/#\/schema\/logo\/image\/"}}]}},"_links":{"self":[{"href":"https:\/\/www.aquitainespecialites.fr\/en\/wp-json\/wp\/v2\/project\/2254"}],"collection":[{"href":"https:\/\/www.aquitainespecialites.fr\/en\/wp-json\/wp\/v2\/project"}],"about":[{"href":"https:\/\/www.aquitainespecialites.fr\/en\/wp-json\/wp\/v2\/types\/project"}],"author":[{"embeddable":true,"href":"https:\/\/www.aquitainespecialites.fr\/en\/wp-json\/wp\/v2\/users\/1"}],"version-history":[{"count":1,"href":"https:\/\/www.aquitainespecialites.fr\/en\/wp-json\/wp\/v2\/project\/2254\/revisions"}],"predecessor-version":[{"id":3839,"href":"https:\/\/www.aquitainespecialites.fr\/en\/wp-json\/wp\/v2\/project\/2254\/revisions\/3839"}],"wp:featuredmedia":[{"embeddable":true,"href":"https:\/\/www.aquitainespecialites.fr\/en\/wp-json\/wp\/v2\/media\/2676"}],"wp:attachment":[{"href":"https:\/\/www.aquitainespecialites.fr\/en\/wp-json\/wp\/v2\/media?parent=2254"}],"wp:term":[{"taxonomy":"project_category","embeddable":true,"href":"https:\/\/www.aquitainespecialites.fr\/en\/wp-json\/wp\/v2\/project_category?post=2254"},{"taxonomy":"project_tag","embeddable":true,"href":"https:\/\/www.aquitainespecialites.fr\/en\/wp-json\/wp\/v2\/project_tag?post=2254"}],"curies":[{"name":"wp","href":"https:\/\/api.w.org\/{rel}","templated":true}]}}